{"id":63091,"date":"2025-12-18T00:00:00","date_gmt":"2025-12-17T23:00:00","guid":{"rendered":"https:\/\/ardor-realestate.com\/nekretnina\/gornja-drenova-ureden-stan-u-prizemlju\/"},"modified":"2026-03-24T05:21:27","modified_gmt":"2026-03-24T04:21:27","slug":"gornja-drenova-butorozott-lakas-a-foldszinten","status":"publish","type":"property","link":"https:\/\/ardor-realestate.com\/hu\/ingatlan\/gornja-drenova-butorozott-lakas-a-foldszinten\/","title":{"rendered":"Gornja Drenova, b\u00fatorozott lak\u00e1s a f\u00f6ldszinten"},"content":{"rendered":"<div id=\"hrvatski\">Gornja Drenov\u00e1ban elad\u00f3 egy 59,84 m\u00b2 \u00f6sszter\u00fclet\u0171, egy h\u00e1l\u00f3szob\u00e1s, nappalival ell\u00e1tott lak\u00e1s. A lak\u00e1s funkcion\u00e1lis elrendez\u00e9s\u0171 \u00e9s k\u00e9nyelmes a mindennapi \u00e9lethez.<br \/>\nA lak\u00e1shoz tartozik egy 47,98 m\u00b2-es kert, amely ide\u00e1lis a k\u00fclt\u00e9ri \u00e9letvitelhez, valamint egy 30 m\u00b2-es z\u00e1rt terasz, amelyet t\u00e9li kertk\u00e9nt haszn\u00e1lnak a t\u00e9li h\u00f3napokban, ami tov\u00e1bb n\u00f6veli a t\u00e9r hasznos \u00e9rt\u00e9k\u00e9t.<br \/>\nA lak\u00e1sban PVC ny\u00edl\u00e1sz\u00e1r\u00f3k ker\u00fcltek be\u00e9p\u00edt\u00e9sre, \u00e9s az \u00e9p\u00fclet \u00faj homlokzatot kapott. A f\u0171t\u00e9st pelletk\u00e1lyha biztos\u00edtja, kieg\u00e9sz\u00edt\u0151 l\u00e9gkondicion\u00e1l\u00f3val. A lak\u00e1s 2022-ben teljes fel\u00faj\u00edt\u00e1son esett \u00e1t, melynek sor\u00e1n a v\u00edz- \u00e9s villanyvezet\u00e9keket is kicser\u00e9lt\u00e9k.<br \/>\nA b\u00fatorok \u00fajabbak, tavaly v\u00e1s\u00e1rolt\u00e1k, \u00edgy a lak\u00e1s nem ig\u00e9nyel tov\u00e1bbi beruh\u00e1z\u00e1st, \u00e9s azonnal bek\u00f6lt\u00f6zhet\u0151.<\/p>\n<p>Tisztelt \u00dcgyfeleink! Az ingatlank\u00f6zvet\u00edt\u0151i tev\u00e9kenys\u00e9gr\u0151l sz\u00f3l\u00f3 t\u00f6rv\u00e9ny \u00e9rtelm\u00e9ben az ingatlan megtekint\u00e9se csak a k\u00f6zvet\u00edt\u0151i szerz\u0151d\u00e9s al\u00e1\u00edr\u00e1s\u00e1val lehets\u00e9ges. Ugyanez szerint a vev\u0151 v\u00e1s\u00e1rl\u00e1s eset\u00e9n az \u00fcgyn\u00f6ki jutal\u00e9kot k\u00f6teles fizetni.<\/p>\n<p>\u00dcGYN\u00d6KS\u00c9G AZONOS\u00cdT\u00d3 K\u00d3DJA: 2881<\/p>\n<p>Sendi Vinski<br \/>\nEnged\u00e9lyezett \u00fcgyn\u00f6k<br \/>\nMobil: 0038598443289<br \/>\nTelefon: 0038551222673<br \/>\nE-mail: prodaja@ardor-realestate.com<br \/>\nwww.ardor-realestate.com<\/p><\/div>\n<div id=\"engleski\">Gornja Drenov\u00e1ban elad\u00f3 egy 59,84 m\u00b2 \u00f6sszter\u00fclet\u0171, egy h\u00e1l\u00f3szob\u00e1s, nappalival ell\u00e1tott lak\u00e1s. Az elrendez\u00e9s funkcion\u00e1lis \u00e9s k\u00e9nyelmes mindennapi \u00e9letre alkalmas.<\/p>\n<p>A lak\u00e1shoz tartozik egy 47,98 m\u00b2-es priv\u00e1t kert, amely ide\u00e1lis k\u00fclt\u00e9ri haszn\u00e1latra, valamint egy 30 m\u00b2-es z\u00e1rt terasz, amelyet a hidegebb h\u00f3napokban t\u00e9likertk\u00e9nt haszn\u00e1lnak, jelent\u0151sen n\u00f6velve a hasznos lak\u00f3teret.<\/p>\n<p>A lak\u00e1s m\u0171anyag ablakokkal \u00e9s ajt\u00f3kkal van felszerelve, az \u00e9p\u00fclet pedig \u00faj homlokzattal rendelkezik. A f\u0171t\u00e9st pelletk\u00e1lyha biztos\u00edtja, kieg\u00e9sz\u00edt\u0151 l\u00e9gkondicion\u00e1l\u00f3 berendez\u00e9ssel. A lak\u00e1st 2022-ben teljesen fel\u00faj\u00edtott\u00e1k, bele\u00e9rtve az \u00faj v\u00edz- \u00e9s villanyvezet\u00e9keket is.<\/p>\n<p>A b\u00fatorok \u00fajabbak, tavaly v\u00e1s\u00e1rolt\u00e1k, a lak\u00e1s nem ig\u00e9nyel tov\u00e1bbi beruh\u00e1z\u00e1st, azonnal bek\u00f6lt\u00f6zhet\u0151.<\/p>\n<p>Tisztelt vev\u0151k! Az Ingatlank\u00f6zvet\u00edt\u0151i T\u00f6rv\u00e9ny \u00e9rtelm\u00e9ben az ingatlanok megtekint\u00e9se kiz\u00e1r\u00f3lag k\u00f6zvet\u00edt\u0151i szerz\u0151d\u00e9s al\u00e1\u00edr\u00e1s\u00e1val lehets\u00e9ges. V\u00e1s\u00e1rl\u00e1s eset\u00e9n a vev\u0151 k\u00f6teles k\u00f6zvet\u00edt\u0151i jutal\u00e9kot fizetni.<\/p>\n<p>AZONOS\u00cdT\u00d3 K\u00d3D: 2881<\/p>\n<p>Sendi Vinski<br \/>\nEnged\u00e9lyezett \u00fcgyn\u00f6k<br \/>\nMobil: 0038598443289<br \/>\nTelefon: 0038551222673<br \/>\nE-mail: prodaja@ardor-realestate.com<br \/>\nwww.ardor-realestate.com<\/p><\/div>\n<div id=\"italijanski\">Gornja Drenova-ban elad\u00f3 egy 59,84 m\u00b2-es, k\u00e9tszob\u00e1s, nappalival ell\u00e1tott lak\u00e1s. A lak\u00e1s funkcion\u00e1lis elrendez\u00e9s\u0171 \u00e9s alkalmas a mindennapi \u00e9letre.<\/p>\n<p>All&#039;appartamento appartengono un&#039;area esterna privata di 47,98 m\u00b2, ideale per passare il tempo al&#039;aperto, e una terrazza ciusa di 30 m\u00b2, utilizado com giardino d&#039;inverno durante i mesi invernali utilization, laabilement au.<\/p>\n<p>A lak\u00e1s m\u0171anyag ablakokkal felszerelt, m\u00edg az \u00e9p\u00fclet \u00faj homlokzatot kapott. A f\u0171t\u00e9s pelletkaz\u00e1nnal garant\u00e1lt, kl\u00edmaberendez\u00e9ssel kieg\u00e9sz\u00edtve. Az ingatlant 2022-ben teljesen fel\u00faj\u00edtott\u00e1k, melynek sor\u00e1n az elektromos \u00e9s v\u00edzvezet\u00e9k-rendszerek is fel\u00faj\u00edt\u00e1sra ker\u00fcltek.<\/p>\n<p>A berendez\u00e9s \u00faj, tavaly v\u00e1s\u00e1rolt, \u00e9s a lak\u00e1s nem k\u00f6vetelm\u00e9ny ulteriori investimenti ed \u00e8 pronto per essere abitato.<\/p>\n<p>Gentili \u012fgyti, in contibito alla Legge sull&#039;intermediazione immobiliare, le visite sono possibili exkluz\u00edv previa firma del contratto di mediazione. In caso di acquisto, l&#039;acquirente \u00e8 tenuto a pagare la provvigione d&#039;agenzia.<\/p>\n<p>AZONOS\u00cdT\u00d3 K\u00d3D: 2881<\/p>\n<p>Sendi Vinski<br \/>\nEnged\u00e9lyezett \u00fcgyn\u00f6k<br \/>\nMobil: 0038598443289<br \/>\nTelefon: 0038551222673<br \/>\nE-mail: prodaja@ardor-realestate.com<br \/>\nwww.ardor-realestate.com<\/p><\/div>\n<div id=\"nemacki\">Gornja Drenova steht eine Wohnung mit einer Gesamtfl\u00e4che von 59,84 m\u00b2 zum Verkauf, Einzimmerwohnung mit Wohnzimmer n\u00e9ven fogant. Die Raumaufteilung ist funktional und ideal f\u00fcr den t\u00e4glichen Wohnkomfort.<\/p>\n<p>Zur Wohnung geh\u00f6ren ein Au\u00dfenbereich von 47,98 m\u00b2, ide\u00e1lis f\u00fcr den Aufenthalt im Freien, sowie eine geschlossene Terrasse von 30 m\u00b2, die in den Wintermonaten als Wintergarten genutzt wird und den Nutzwert hetchet.<\/p>\n<p>Die Wohnung ist mit PVC-Fenstern aussettet, und das Geb\u00e4ude verf\u00fcgt \u00fcber eine neue Fassade. Die Beheizung erf\u00f6tt \u00fcber einen Pelletofen, zubeh\u00f6r ist eine Klimaanlage vorhanden. Die Wohnung wurde im Jahr 2022 toutstellung renoviert, bele\u00e9rtve a der Erneuerung der Wasser- und Elektroinstallationen.<\/p>\n<p>Die M\u00f6blierung ist neuer, im letzten Jahr angeschafft, soddas keine gesch\u00e4ften Investienungen erforderlich sind. Die Wohnung ist sofort bezugsfertig.<\/p>\n<p>Sehr geehrte K\u00e4ufer, gem\u00e4\u00df dem Immobilienvermittlungsgesetz sind Besichtigungen aussichtlich nach Unterzeichnung eines Maklervertrags m\u00f6glich. Im Falle eines Kaufs ist die Maklerprovision vom K\u00e4ufer zu entrichten.<\/p>\n<p>AZONOS\u00cdT\u00d3 K\u00d3D: 2881<\/p>\n<p>Sendi Vinski<br \/>\nEnged\u00e9lyezett \u00fcgyn\u00f6k<br \/>\nMobil: 0038598443289<br \/>\nTelefon: 0038551222673<br \/>\nE-mail: prodaja@ardor-realestate.com<br \/>\nwww.ardor-realestate.com<\/p><\/div>\n<div id=\"slovenacki\">Gornji Drenoviban elad\u00f3 egy 59,84 m\u00b2-es, egyszob\u00e1s, nappalival rendelkez\u0151 lak\u00e1s, amely funkcion\u00e1lis elrendez\u00e9s\u0171 \u00e9s ide\u00e1lis a k\u00e9nyelmes mindennapi \u00e9lethez.<\/p>\n<p>A lak\u00e1shoz tartozik egy 47,98 m\u00b2-es k\u00fcl\u00f6n\u00e1ll\u00f3 udvar, amely ide\u00e1lis a szabadt\u00e9ri \u00e9letvitelhez, valamint egy 30 m\u00b2-es z\u00e1rt terasz, amelyet a t\u00e9li h\u00f3napokban t\u00e9likertk\u00e9nt haszn\u00e1lnak, ami tov\u00e1bb n\u00f6veli a t\u00e9r hasznos \u00e9rt\u00e9k\u00e9t.<\/p>\n<p>A lak\u00e1s PVC ny\u00edl\u00e1sz\u00e1r\u00f3kkal rendelkezik, az \u00e9p\u00fclet \u00faj homlokzattal rendelkezik. A f\u0171t\u00e9s pelletk\u00e1lyh\u00e1val megoldott, emellett l\u00e9gkondicion\u00e1l\u00f3 is be van szerelve. A lak\u00e1s 2022 nyar\u00e1n teljes fel\u00faj\u00edt\u00e1son esett \u00e1t, bele\u00e9rtve a v\u00edzvezet\u00e9k- \u00e9s elektromos h\u00e1l\u00f3zat cser\u00e9j\u00e9t is.<\/p>\n<p>A b\u00fatorok \u00fajabbak, tavaly ny\u00e1ron v\u00e1s\u00e1rolt\u00e1k, a lak\u00e1s nem ig\u00e9nyel tov\u00e1bbi beruh\u00e1z\u00e1st, \u00e9s azonnal bek\u00f6lt\u00f6zhet\u0151.<\/p>\n<p>Tisztelt \u00fcgyfeleink! Az Ingatlank\u00f6zvet\u00edt\u00e9sr\u0151l sz\u00f3l\u00f3 t\u00f6rv\u00e9ny \u00e9rtelm\u00e9ben a pr\u00f3bav\u00e1s\u00e1rl\u00e1s csak a k\u00f6zvet\u00edt\u0151i szerz\u0151d\u00e9s al\u00e1\u00edr\u00e1sa ut\u00e1n lehets\u00e9ges. V\u00e1s\u00e1rl\u00e1s eset\u00e9n a vev\u0151 k\u00f6teles k\u00f6zvet\u00edt\u0151i jutal\u00e9kot fizetni.<\/p>\n<p>AZONOS\u00cdT\u00d3 K\u00d3D: 2881<\/p>\n<p>Sendi Vinski<br \/>\nEnged\u00e9lyezett \u00fcgyn\u00f6k<br \/>\nMobil: 0038598443289<br \/>\nTelefon: 0038551222673<br \/>\nE-mail: prodaja@ardor-realestate.com<br \/>\nwww.ardor-realestate.com<\/p><\/div>","protected":false},"excerpt":{"rendered":"<p>Na Gornjoj Drenovi prodaje se stan ukupne povr\u0161ine 59,84 m\u00b2, koncipiran kao jednosobni stan s dnevnim boravkom. Stan je funkcionalnog rasporeda i ugodan za svakodnevni \u017eivot. Stanu pripada oku\u0107nica povr\u0161ine 47,98 m\u00b2, idealna za boravak na otvorenom, kao i zatvorena terasa od 30 m\u00b2 koja se tijekom zimskih mjeseci koristi kao zimski vrt, \u010dime se [&hellip;]<\/p>","protected":false},"author":0,"featured_media":63092,"parent":0,"menu_order":0,"template":"","property_type":[201],"property_status":[255],"property_feature":[222,205],"property_label":[],"property_country":[104],"property_state":[553],"property_city":[220],"property_area":[199],"class_list":["post-63091","property","type-property","status-publish","has-post-thumbnail","hentry","property_type-stan-apartman","property_status-za-prodaju","property_feature-povrsina-terase","property_feature-terasa","property_country-hrvatska","property_state-drenova","property_city-rijeka","property_area-primorsko-goranska-zupanija"],"property_meta":{"_thumbnail_id":["63092"],"fave_komunalije":["Voda","Struja","Gradski vodovod","Asfaltni put","Klima ure\u0111aj","Gradska kanalizacija",""],"fave_energetski-razred":["Energetski certifikat je u izradi",""],"fave_dozvole":["Gra\u0111evinska dozvola","Uporabna dozvola",""],"fave_parkirna-mjesta":["bez parkirnog mjesta",""],"fave_vrt":["Povr\u0161ina vrta",""],"fave_blizina-sadrzaja":["\u0160kola","Javni prijevoz",""],"fave_broj-etaza":["jednoeta\u017eni",""],"fave_tip-stana":["u ku\u0107i",""],"fave_property_id":["2881"],"fave_property_price":["187000"],"fave_property_rooms":["2"],"fave_property_bedrooms":["1"],"fave_property_bathrooms":["1"],"fave_property_size":["59.84"],"houzez_geolocation_long":["14.4223562"],"houzez_geolocation_lat":["45.3533472"],"fave_sprat":["Suteren"],"fave_lokacija":["Drenova, Rijeka"],"fave_wc":["1"],"fave_ukupno-katova":["2"],"fave_property_land_postfix":["m\u00b2"],"fave_property_size_prefix":["m\u00b2"],"fave_property_land":["47.98"],"fave_grijanje":[""],"fave_property_year":[""],"fave_tehnika":[""],"fave_property_images":["63093","63094","63095","63096","63097","63098","63099","63100","63101","63102","63103","15913","15913","15913","15913","15913","15913","15913","15913","15913","15913","15913","15913","15913","15913","15913","15913","15913","15913","15913","15913","15913","15913","15913","15913","15913","15913","15913","15913","15913","15913","15913","15913","15913","15913","15913","15913","15913","15913"],"fave_garaza":[""],"fave_natkriveno-parkirno-mjesto":[""],"fave_namjena":[""],"fave_pozicija":[""],"fave_tip-kuce":[""],"fave_tip-zemljista":[""],"fave_property_location":["45.3533472,14.4223562"],"fave_property_map":["1"],"fave_lokacija-2":["Drenova, Rijeka"],"fave_agent_display_option":["agent_info"],"fave_agents":["prodaja@ardor-realestate.com"],"_wp_page_template":["default"],"rank_math_internal_links_processed":["1"],"houzez_total_property_views":["198"],"houzez_views_by_date":["a:27:{s:10:\"03-24-2026\";i:16;s:10:\"03-26-2026\";i:10;s:10:\"03-27-2026\";i:15;s:10:\"03-28-2026\";i:7;s:10:\"03-29-2026\";i:7;s:10:\"03-30-2026\";i:5;s:10:\"03-31-2026\";i:7;s:10:\"04-01-2026\";i:8;s:10:\"04-02-2026\";i:8;s:10:\"04-03-2026\";i:15;s:10:\"04-05-2026\";i:14;s:10:\"04-06-2026\";i:1;s:10:\"04-08-2026\";i:8;s:10:\"04-09-2026\";i:1;s:10:\"04-11-2026\";i:1;s:10:\"04-12-2026\";i:1;s:10:\"04-13-2026\";i:8;s:10:\"04-15-2026\";i:7;s:10:\"04-16-2026\";i:2;s:10:\"04-17-2026\";i:6;s:10:\"04-19-2026\";i:15;s:10:\"04-20-2026\";i:1;s:10:\"04-24-2026\";i:1;s:10:\"04-25-2026\";i:9;s:10:\"04-26-2026\";i:7;s:10:\"04-28-2026\";i:14;s:10:\"04-29-2026\";i:4;}"],"houzez_recently_viewed":["2026-04-29 15:24:00"],"_elementor_page_assets":["a:0:{}"]},"_links":{"self":[{"href":"https:\/\/ardor-realestate.com\/hu\/wp-json\/wp\/v2\/properties\/63091","targetHints":{"allow":["GET"]}}],"collection":[{"href":"https:\/\/ardor-realestate.com\/hu\/wp-json\/wp\/v2\/properties"}],"about":[{"href":"https:\/\/ardor-realestate.com\/hu\/wp-json\/wp\/v2\/types\/property"}],"version-history":[{"count":0,"href":"https:\/\/ardor-realestate.com\/hu\/wp-json\/wp\/v2\/properties\/63091\/revisions"}],"wp:featuredmedia":[{"embeddable":true,"href":"https:\/\/ardor-realestate.com\/hu\/wp-json\/wp\/v2\/media\/63092"}],"wp:attachment":[{"href":"https:\/\/ardor-realestate.com\/hu\/wp-json\/wp\/v2\/media?parent=63091"}],"wp:term":[{"taxonomy":"property_type","embeddable":true,"href":"https:\/\/ardor-realestate.com\/hu\/wp-json\/wp\/v2\/property_type?post=63091"},{"taxonomy":"property_status","embeddable":true,"href":"https:\/\/ardor-realestate.com\/hu\/wp-json\/wp\/v2\/property_status?post=63091"},{"taxonomy":"property_feature","embeddable":true,"href":"https:\/\/ardor-realestate.com\/hu\/wp-json\/wp\/v2\/property_feature?post=63091"},{"taxonomy":"property_label","embeddable":true,"href":"https:\/\/ardor-realestate.com\/hu\/wp-json\/wp\/v2\/property_label?post=63091"},{"taxonomy":"property_country","embeddable":true,"href":"https:\/\/ardor-realestate.com\/hu\/wp-json\/wp\/v2\/property_country?post=63091"},{"taxonomy":"property_state","embeddable":true,"href":"https:\/\/ardor-realestate.com\/hu\/wp-json\/wp\/v2\/property_state?post=63091"},{"taxonomy":"property_city","embeddable":true,"href":"https:\/\/ardor-realestate.com\/hu\/wp-json\/wp\/v2\/property_city?post=63091"},{"taxonomy":"property_area","embeddable":true,"href":"https:\/\/ardor-realestate.com\/hu\/wp-json\/wp\/v2\/property_area?post=63091"}],"curies":[{"name":"munkaf\u00fczet","href":"https:\/\/api.w.org\/{rel}","templated":true}]}}