{"id":50116,"date":"2025-04-30T00:00:00","date_gmt":"2025-04-29T22:00:00","guid":{"rendered":"https:\/\/ardor-realestate.com\/nekretnina\/zamet-pametni-stan-za-najam-u-modernoj-novogradnji\/"},"modified":"2026-03-24T07:20:47","modified_gmt":"2026-03-24T06:20:47","slug":"zamet-elegans-lakas-kiado-egy-modern-uj-epuletben","status":"publish","type":"property","link":"https:\/\/ardor-realestate.com\/hu\/ingatlan\/zamet-elegans-lakas-kiado-egy-modern-uj-epuletben\/","title":{"rendered":"Zamet, eleg\u00e1ns lak\u00e1s kiad\u00f3 egy modern \u00faj \u00e9p\u00fcletben"},"content":{"rendered":"<div id=\"hrvatski\">Egy eleg\u00e1ns, t\u00e1gas, 72 m\u00b2-es, k\u00e9tszob\u00e1s, nappalival rendelkez\u0151 lak\u00e1s kiad\u00f3 Zamet csendes r\u00e9sz\u00e9n. A lak\u00e1s term\u00e9szetes f\u00e9nnyel teli, elrendez\u00e9se k\u00e9t h\u00e1l\u00f3szob\u00e1t, egy modern f\u00fcrd\u0151szob\u00e1t, egy mos\u00f3konyh\u00e1t mos\u00f3- \u00e9s sz\u00e1r\u00edt\u00f3g\u00e9ppel, egy t\u00e1gas nappalit konyh\u00e1val \u00e9s egy t\u00e1rol\u00f3t foglal mag\u00e1ban. A k\u00e9nyelmes tart\u00f3zkod\u00e1shoz teljesen felszerelt lak\u00e1s g\u00e1zf\u0171t\u00e9ssel \u00e9s l\u00e9gkondicion\u00e1l\u00f3val rendelkezik. A lak\u00e1shoz k\u00e9t parkol\u00f3hely tartozik a m\u00e9lygar\u00e1zsban, \u00e9s az \u00fajonnan \u00e9p\u00fclt modern \u00e9p\u00fcletben, amelyben tal\u00e1lhat\u00f3, lift van. A lak\u00e1s hossz\u00fa t\u00e1v\u00fa b\u00e9rbead\u00e1sra k\u00edn\u00e1lhat\u00f3, \u00e9s ide\u00e1lis hely mindazok sz\u00e1m\u00e1ra, akik csendes \u00e9s k\u00e9nyelmes \u00e9letteret keresnek.<\/p>\n<p>Tisztelt b\u00e9rl\u0151k! Az Ingatlank\u00f6zvet\u00edt\u00e9si T\u00f6rv\u00e9ny \u00e9rtelm\u00e9ben az ingatlan megtekint\u00e9se csak k\u00f6zvet\u00edt\u0151i szerz\u0151d\u00e9s al\u00e1\u00edr\u00e1s\u00e1val lehets\u00e9ges. Ugyanezen t\u00f6rv\u00e9ny \u00e9rtelm\u00e9ben a b\u00e9rl\u0151 k\u00f6teles egy havi b\u00e9rleti d\u00edjnak megfelel\u0151 k\u00f6zvet\u00edt\u0151i d\u00edjat fizetni b\u00e9rbead\u00e1s eset\u00e9n.<\/p>\n<p>\u00dcGYN\u00d6KS\u00c9G AZONOS\u00cdT\u00d3 K\u00d3DJA: 2474<\/p>\n<p>Sendi Vinski<br \/>\nEnged\u00e9lyezett \u00fcgyn\u00f6k<br \/>\nMobil: 0038598443289<br \/>\nTelefon: 0038551222673<br \/>\nE-mail: prodaja@ardor-realestate.com<br \/>\nwww.ardor-realestate.com<\/p><\/div>\n<div id=\"engleski\">Egy eleg\u00e1ns \u00e9s t\u00e1gas, 72 m\u00b2-es, nappalival rendelkez\u0151, k\u00e9tszob\u00e1s apartman kiad\u00f3 Zamet csendes r\u00e9sz\u00e9n. A lak\u00e1s term\u00e9szetes f\u00e9nnyel teli, elrendez\u00e9se k\u00e9t h\u00e1l\u00f3szob\u00e1t, egy modern f\u00fcrd\u0151szob\u00e1t, mos\u00f3konyh\u00e1t mos\u00f3- \u00e9s sz\u00e1r\u00edt\u00f3g\u00e9ppel, egy t\u00e1gas nappalit konyh\u00e1val \u00e9s egy t\u00e1rol\u00f3helyis\u00e9get foglal mag\u00e1ban. A k\u00e9nyelmes \u00e9lethez teljesen felszerelt, k\u00f6zponti g\u00e1zf\u0171t\u00e9ssel az eg\u00e9sz lak\u00e1sban \u00e9s l\u00e9gkondicion\u00e1l\u00f3kkal.<\/p>\n<p>A b\u00e9rleti d\u00edjhoz k\u00e9t parkol\u00f3hely tartozik a m\u00e9lygar\u00e1zsban, a modern, \u00faj \u00e9p\u00edt\u00e9s\u0171 \u00e9p\u00fcletben pedig lift tal\u00e1lhat\u00f3. A lak\u00e1s hossz\u00fa t\u00e1v\u00fa b\u00e9rbead\u00e1sra k\u00edn\u00e1lhat\u00f3, \u00e9s ide\u00e1lis v\u00e1laszt\u00e1s azok sz\u00e1m\u00e1ra, akik nyugodt \u00e9s k\u00e9nyelmes \u00e9letteret keresnek.<\/p>\n<p>Tisztelt b\u00e9rl\u0151k! Az Ingatlank\u00f6zvet\u00edt\u0151i T\u00f6rv\u00e9ny \u00e9rtelm\u00e9ben az ingatlanok megtekint\u00e9se csak k\u00f6zvet\u00edt\u0151i szerz\u0151d\u00e9s al\u00e1\u00edr\u00e1s\u00e1val lehets\u00e9ges. B\u00e9rbead\u00e1s eset\u00e9n a b\u00e9rl\u0151 k\u00f6teles egy havi b\u00e9rleti d\u00edjnak megfelel\u0151 k\u00f6zvet\u00edt\u0151i jutal\u00e9kot fizetni.<\/p>\n<p>AZONOS\u00cdT\u00d3 K\u00d3D: 2474<\/p>\n<p>Sendi Vinski<br \/>\nEnged\u00e9lyezett \u00fcgyn\u00f6k<br \/>\nMobil: 0038598443289<br \/>\nTelefon: 0038551222673<br \/>\nE-mail: prodaja@ardor-realestate.com<br \/>\nwww.ardor-realestate.com<\/p><\/div>\n<div id=\"italijanski\">\u00d6n b\u00e9rel egy t\u00e1gas, 72 m\u00b2-es eleg\u00e1ns lak\u00e1st Zamet csendes r\u00e9sz\u00e9n. L&#039;appartamento \u00e8 molto luminoso e comprende two camere da letto, un bagno moderno, una lavanderia con washingt\u00e0 e asiugatrice, un ampio soggiorno con cucina a vista e un ripostiglio.<\/p>\n<p>Completamente arredato per un soggiorno confortevole, dispone di riscaldamento centrale a gas in tutto l&#8217;appartamento e climatizzatori. L\u2019immobile comprende anche due posti auto nel garage sotterraneo, mentre il moderno edificio di recente costruzione dispone di ascensore.<\/p>\n<p>L&#8217;appartamento \u00e8 disponibile per l&#8217;affitto a lungo termine ed \u00e8 ideale per chi cerca un ambiente tranquillo e confortevole.<\/p>\n<p>Gentili locatari, ai sensi della Legge sulla mediazione immobiliare, la visita dell&#8217;immobile \u00e8 possibile solo previa firma del Contratto di Mediazione. In caso di locazione, l&#8217;inquilino \u00e8 tenuto a pagare una provvigione agenziale pari a un mese di affitto.<\/p>\n<p>AZONOS\u00cdT\u00d3 K\u00d3D: 2474<\/p>\n<p>Sendi Vinski<br \/>\nEnged\u00e9lyezett \u00fcgyn\u00f6k<br \/>\nMobil: 0038598443289<br \/>\nTelefon: 0038551222673<br \/>\nE-mail: prodaja@ardor-realestate.com<br \/>\nwww.ardor-realestate.com<\/p><\/div>\n<div id=\"nemacki\">Zu vermieten: eine smarte, ger\u00e4mige Zwei-Zimmer-Wohnung mit Wohnzimmer, 72 m\u00b2 gro\u00df, gelegen in einer ruhigen Gegend von Zamet. Die Wohnung ist sehr hell und verf\u00fcgt \u00fcber zwei Schlafzimmer, ein modernes Badezimmer, eine Waschk\u00fcche mit Waschmaschine und Trockner, ein gro\u00dfes Wohnzimmer mit K\u00fcche sowie einen Abstellraum.<\/p>\n<p>Sie ist toutstellung ausgestattt f\u00fcr ein komfortables Wohnen, mit einer zentralen Gasheizung im gesamten Apartment sowie Klimaanlanann. Zur Wohnung geh\u00f6ren zwei Stellpl\u00e4tze in der Tiefgarage, und das moderne, neu erschittete Geb\u00e4ude ist mit einem Aufzug ausgestattt.<\/p>\n<p>Die Wohnung steht f\u00fcr eine longtermistung Vermietung zur Verf\u00fcgung und eignet sich ideal f\u00fcr alle, die ein ruhiges und komfortables Zuhause suchen.<\/p>\n<p>Sehr geehrte Mieter, gem\u00e4\u00df dem Gesetz \u00fcber die Immobilienvermittlung ist eine Besichtigung nur nach Unterzeichnung eines Vermittlungsvertrages m\u00f6glich. Im Falle einer Anmietung ist der Mieter vermichtigt, eine Vermittlungsprovision in H\u00f6he einer Monatsmiete zu zahlen.<\/p>\n<p>AZONOS\u00cdT\u00d3 K\u00d3D: 2474<\/p>\n<p>Sendi Vinski<br \/>\nEnged\u00e9lyezett \u00fcgyn\u00f6k<br \/>\nMobil: 0038598443289<br \/>\nTelefon: 0038551222673<br \/>\nE-mail: prodaja@ardor-realestate.com<br \/>\nwww.ardor-realestate.com<\/p><\/div>\n<div id=\"slovenacki\">Zameta csendes r\u00e9sz\u00e9n kiad\u00f3 egy t\u00e9rbelileg eleg\u00e1ns, k\u00e9tszob\u00e1s, nappalis lak\u00e1s, \u00f6sszesen 72 m\u00b2 alapter\u00fclettel. A lak\u00e1s term\u00e9szetes f\u00e9nnyel teli, elrendez\u00e9se k\u00e9t h\u00e1l\u00f3szob\u00e1t, modern f\u00fcrd\u0151szob\u00e1t, mos\u00f3- \u00e9s sz\u00e1r\u00edt\u00f3g\u00e9ppel ell\u00e1tott mos\u00f3konyh\u00e1t, t\u00e1gas nappalit konyh\u00e1val \u00e9s egy t\u00e1rol\u00f3helyet foglal mag\u00e1ban.<\/p>\n<p>A lak\u00e1s teljesen felszerelt a k\u00e9nyelmes tart\u00f3zkod\u00e1shoz, g\u00e1z k\u00f6zponti f\u0171t\u00e9ssel \u00e9s l\u00e9gkondicion\u00e1l\u00f3val minden szob\u00e1ban. A b\u00e9rleti d\u00edj tartalmazza a k\u00e9t parkol\u00f3helyet a m\u00e9lygar\u00e1zsban, egy modern, \u00faj \u00e9p\u00fcletben, lifttel.<\/p>\n<p>A lak\u00e1s hossz\u00fa t\u00e1vra kiad\u00f3, ide\u00e1lis v\u00e1laszt\u00e1s mindazok sz\u00e1m\u00e1ra, akik csendes, k\u00e9nyelmes \u00e9letteret keresnek.<\/p>\n<p>Tisztelt b\u00e9rl\u0151k, az Ingatlank\u00f6zvet\u00edt\u00e9sr\u0151l sz\u00f3l\u00f3 t\u00f6rv\u00e9ny \u00e9rtelm\u00e9ben az ingatlan megtekint\u00e9se csak a k\u00f6zvet\u00edt\u0151i szerz\u0151d\u00e9s al\u00e1\u00edr\u00e1sa ut\u00e1n lehets\u00e9ges. B\u00e9rleti szerz\u0151d\u00e9s eset\u00e9n a b\u00e9rl\u0151 k\u00f6teles egy havi b\u00e9rleti d\u00edjnak megfelel\u0151 k\u00f6zvet\u00edt\u0151i jutal\u00e9kot fizetni.<\/p>\n<p>AZONOS\u00cdT\u00d3 K\u00d3D: 2474<\/p>\n<p>Sendi Vinski<br \/>\nEnged\u00e9lyezett \u00fcgyn\u00f6k<br \/>\nMobil: 0038598443289<br \/>\nTelefon: 0038551222673<br \/>\nE-mail: prodaja@ardor-realestate.com<br \/>\nwww.ardor-realestate.com<\/p><\/div>","protected":false},"excerpt":{"rendered":"<p>Iznajmljuje se pametni, prostrani dvosobni stan s dnevnim boravkom, povr\u0161ine 72 m\u00b2, smje\u0161ten u mirnom dijelu Zameta. Stan obiluje prirodnom svjetlosti, a raspored prostorija uklju\u010duje dvije spava\u0107e sobe, modernu kupaonicu, praonicu s perilicom i su\u0161ilicom za rublje, prostrani dnevni boravak s kuhinjom te ostavu. Potpuno je opremljen za ugodan boravak, s centralnim grijanjem na plin [&hellip;]<\/p>","protected":false},"author":0,"featured_media":50117,"parent":0,"menu_order":0,"template":"","property_type":[201],"property_status":[254],"property_feature":[227,218,230,206,238],"property_label":[],"property_country":[104],"property_state":[540],"property_city":[220],"property_area":[199],"class_list":["post-50116","property","type-property","status-publish","has-post-thumbnail","hentry","property_type-stan-apartman","property_status-za-najam","property_feature-balkon","property_feature-drvarnica","property_feature-lift","property_feature-namjesteno","property_feature-povrsina-balkona","property_country-hrvatska","property_state-zamet","property_city-rijeka","property_area-primorsko-goranska-zupanija"],"property_meta":{"_thumbnail_id":["50117"],"fave_komunalije":["Voda","Plin","Centralno grijanje","Struja","Gradski vodovod","Grijanje","Asfaltni put","Klima ure\u0111aj","Gradska kanalizacija","Gradski plin",""],"fave_grijanje":["Eta\u017eno plinsko centralno",""],"fave_energetski-razred":["A+",""],"fave_property_year":["2024",""],"fave_tehnika":["Portafon","Internet",""],"fave_parkirna-mjesta":["2",""],"fave_blizina-sadrzaja":["Park","Fitness","Sportski centar","Igrali\u0161te","Po\u0161ta","Banka","Vrti\u0107","Trgovina","\u0160kola","Javni prijevoz","Blizina mora",""],"fave_broj-etaza":["jednoeta\u017eni",""],"fave_tip-stana":["u stambenoj zgradi",""],"fave_property_id":["2474"],"fave_property_price":["1500"],"fave_property_rooms":["3"],"fave_property_bedrooms":["2"],"fave_property_bathrooms":["1"],"fave_property_size":["72.00"],"houzez_geolocation_long":["14.3899497"],"houzez_geolocation_lat":["45.3435948"],"fave_sprat":["3"],"fave_lokacija":["Zamet, Rijeka"],"fave_wc":[""],"fave_ukupno-katova":["4"],"fave_property_land_postfix":["m\u00b2"],"fave_property_size_prefix":["m\u00b2"],"fave_property_land":["0.00"],"fave_dozvole":[""],"fave_vrt":[""],"fave_property_images":["50118","50119","50120","50121","50122","50123","50124","50125","50126","50127","50128","50129","50130","50131","50132","50133","50134","50135","50136","50137","50138","50139","50140","50141","50142","15913","15913","15913","15913","15913","15913","15913","15913","15913","15913","15913","15913","15913","15913","15913","15913","15913","15913","15913","15913","15913","15913","15913","15913"],"fave_garaza":[""],"fave_natkriveno-parkirno-mjesto":[""],"fave_namjena":[""],"fave_pozicija":[""],"fave_tip-kuce":[""],"fave_tip-zemljista":[""],"fave_property_location":["45.3435948,14.3899497"],"fave_property_map":["1"],"fave_lokacija-2":["Zamet, Rijeka"],"fave_agent_display_option":["agent_info"],"fave_agents":["prodaja@ardor-realestate.com"],"_wp_page_template":["default"],"rank_math_internal_links_processed":["1"],"houzez_total_property_views":["317"],"houzez_views_by_date":["a:32:{s:10:\"03-24-2026\";i:11;s:10:\"03-25-2026\";i:15;s:10:\"03-26-2026\";i:9;s:10:\"03-27-2026\";i:17;s:10:\"03-28-2026\";i:11;s:10:\"03-29-2026\";i:7;s:10:\"03-31-2026\";i:16;s:10:\"04-01-2026\";i:8;s:10:\"04-02-2026\";i:10;s:10:\"04-04-2026\";i:8;s:10:\"04-06-2026\";i:8;s:10:\"04-07-2026\";i:8;s:10:\"04-08-2026\";i:11;s:10:\"04-10-2026\";i:8;s:10:\"04-11-2026\";i:9;s:10:\"04-12-2026\";i:17;s:10:\"04-14-2026\";i:8;s:10:\"04-15-2026\";i:7;s:10:\"04-16-2026\";i:8;s:10:\"04-17-2026\";i:8;s:10:\"04-18-2026\";i:16;s:10:\"04-19-2026\";i:8;s:10:\"04-20-2026\";i:1;s:10:\"04-21-2026\";i:9;s:10:\"04-22-2026\";i:13;s:10:\"04-23-2026\";i:15;s:10:\"04-24-2026\";i:9;s:10:\"04-25-2026\";i:9;s:10:\"04-27-2026\";i:16;s:10:\"04-28-2026\";i:9;s:10:\"04-29-2026\";i:2;s:10:\"04-30-2026\";i:6;}"],"houzez_recently_viewed":["2026-04-30 04:32:57"]},"_links":{"self":[{"href":"https:\/\/ardor-realestate.com\/hu\/wp-json\/wp\/v2\/properties\/50116","targetHints":{"allow":["GET"]}}],"collection":[{"href":"https:\/\/ardor-realestate.com\/hu\/wp-json\/wp\/v2\/properties"}],"about":[{"href":"https:\/\/ardor-realestate.com\/hu\/wp-json\/wp\/v2\/types\/property"}],"version-history":[{"count":0,"href":"https:\/\/ardor-realestate.com\/hu\/wp-json\/wp\/v2\/properties\/50116\/revisions"}],"wp:featuredmedia":[{"embeddable":true,"href":"https:\/\/ardor-realestate.com\/hu\/wp-json\/wp\/v2\/media\/50117"}],"wp:attachment":[{"href":"https:\/\/ardor-realestate.com\/hu\/wp-json\/wp\/v2\/media?parent=50116"}],"wp:term":[{"taxonomy":"property_type","embeddable":true,"href":"https:\/\/ardor-realestate.com\/hu\/wp-json\/wp\/v2\/property_type?post=50116"},{"taxonomy":"property_status","embeddable":true,"href":"https:\/\/ardor-realestate.com\/hu\/wp-json\/wp\/v2\/property_status?post=50116"},{"taxonomy":"property_feature","embeddable":true,"href":"https:\/\/ardor-realestate.com\/hu\/wp-json\/wp\/v2\/property_feature?post=50116"},{"taxonomy":"property_label","embeddable":true,"href":"https:\/\/ardor-realestate.com\/hu\/wp-json\/wp\/v2\/property_label?post=50116"},{"taxonomy":"property_country","embeddable":true,"href":"https:\/\/ardor-realestate.com\/hu\/wp-json\/wp\/v2\/property_country?post=50116"},{"taxonomy":"property_state","embeddable":true,"href":"https:\/\/ardor-realestate.com\/hu\/wp-json\/wp\/v2\/property_state?post=50116"},{"taxonomy":"property_city","embeddable":true,"href":"https:\/\/ardor-realestate.com\/hu\/wp-json\/wp\/v2\/property_city?post=50116"},{"taxonomy":"property_area","embeddable":true,"href":"https:\/\/ardor-realestate.com\/hu\/wp-json\/wp\/v2\/property_area?post=50116"}],"curies":[{"name":"munkaf\u00fczet","href":"https:\/\/api.w.org\/{rel}","templated":true}]}}