{"id":47768,"date":"2024-12-19T00:00:00","date_gmt":"2024-12-18T23:00:00","guid":{"rendered":"https:\/\/ardor-realestate.com\/nekretnina\/vezica-stan-za-najam\/"},"modified":"2026-01-10T06:55:47","modified_gmt":"2026-01-10T05:55:47","slug":"vezica-apartman-kiado-szep-kilatassal","status":"publish","type":"property","link":"https:\/\/ardor-realestate.com\/hu\/ingatlan\/vezica-apartman-kiado-szep-kilatassal\/","title":{"rendered":"Ve\u017eica, kiad\u00f3 lak\u00e1s gy\u00f6ny\u00f6r\u0171 kil\u00e1t\u00e1ssal"},"content":{"rendered":"<div id=\"hrvatski\">Gornja Ve\u017eica, k\u00f6zvet\u00edt\u00fcnk egy egyszob\u00e1s, nappalival \u00e9s terasszal rendelkez\u0151, 56 m\u00b2-es teraszos apartman b\u00e9rbead\u00e1s\u00e1ban, vonz\u00f3 \u00e9s keresett k\u00f6rny\u00e9ken.<br \/>\nA lak\u00e1s teljesen b\u00fatorozott \u00e9s felszerelt, azonnal k\u00f6lt\u00f6zhet\u0151. Az \u00e9p\u00fclet f\u00f6ldszintj\u00e9n tal\u00e1lhat\u00f3, de a terepviszonyok miatt a d\u00e9li oldalon az els\u0151 emelet belmagass\u00e1ga megegyezik.<br \/>\nA lak\u00e1s elhelyezked\u00e9se rendk\u00edv\u00fcl praktikus, minden hasznos szolg\u00e1ltat\u00e1s k\u00f6zel\u00e9ben tal\u00e1lhat\u00f3, mint p\u00e9ld\u00e1ul \u00fczletek, t\u00f6megk\u00f6zleked\u00e9s, iskol\u00e1k, \u00f3vod\u00e1k \u00e9s egy\u00e9b fontos int\u00e9zm\u00e9nyek. Egy parkol\u00f3hely tartozik hozz\u00e1 a teremgar\u00e1zsban \u00e9s egy k\u00fclt\u00e9ri parkol\u00f3hely.<br \/>\nA k\u00f6z\u00fczemi d\u00edjak nincsenek benne a b\u00e9rleti d\u00edjban.<\/p>\n<p>Tisztelt b\u00e9rl\u0151k, az ingatlank\u00f6zvet\u00edt\u0151i t\u00f6rv\u00e9ny \u00e9rtelm\u00e9ben az ingatlan megtekint\u00e9se csak a k\u00f6zvet\u00edt\u0151i szerz\u0151d\u00e9s al\u00e1\u00edr\u00e1s\u00e1val lehets\u00e9ges. Ennek \u00e9rtelm\u00e9ben a b\u00e9rl\u0151t b\u00e9rbead\u00e1s eset\u00e9n \u00fcgyn\u00f6ki jutal\u00e9k fizet\u00e9si k\u00f6telezetts\u00e9g terheli, egy havi b\u00e9rleti d\u00edj \u00f6sszeg\u00e9ben.<\/p>\n<p>\u00dcGYN\u00d6KS\u00c9G AZONOS\u00cdT\u00d3 K\u00d3DJA: 2313<\/p>\n<p>Sendi Vinski<br \/>\nEnged\u00e9lyezett \u00fcgyn\u00f6k<br \/>\nMobil: 0038598443289<br \/>\nTelefon: 0038551222673<br \/>\nE-mail: prodaja@ardor-realestate.com<br \/>\nwww.ardor-realestate.com<\/p><\/div>\n<div id=\"engleski\">Gornja Ve\u017eica \u2013 Egy h\u00e1l\u00f3szob\u00e1s apartman nappalival \u00e9s terasszal kiad\u00f3<\/p>\n<p>Egy teljesen b\u00fatorozott \u00e9s felszerelt, egy h\u00e1l\u00f3szob\u00e1s, nappalival \u00e9s terasszal rendelkez\u0151, \u00f6sszesen 56 m\u00b2-es apartman b\u00e9rl\u00e9s\u00e9t k\u00f6zvet\u00edtj\u00fck, egy rendk\u00edv\u00fcl vonz\u00f3 \u00e9s keresett k\u00f6rny\u00e9ken.<br \/>\nA lak\u00e1s azonnal bek\u00f6lt\u00f6zhet\u0151 \u00e9s az \u00e9p\u00fclet f\u00f6ldszintj\u00e9n tal\u00e1lhat\u00f3. A lejt\u0151s terep miatt azonban a lak\u00e1s d\u00e9li oldala megegyezik az els\u0151 emelet belmagass\u00e1g\u00e1val.<br \/>\nA lak\u00e1s elhelyezked\u00e9se rendk\u00edv\u00fcl kedvez\u0151, k\u00f6zel van mindenhez, amire sz\u00fcks\u00e9ge lehet: bev\u00e1s\u00e1rl\u00e1si lehet\u0151s\u00e9gek, \u00f3vod\u00e1k, iskol\u00e1k, t\u00f6megk\u00f6zleked\u00e9s \u00e9s egy\u00e9b fontos int\u00e9zm\u00e9nyek.<br \/>\nA b\u00e9rleti d\u00edj tartalmaz egy parkol\u00f3helyet a teremgar\u00e1zsban \u00e9s egy k\u00fclt\u00e9ri parkol\u00f3helyet.<br \/>\nA k\u00f6z\u00fczemi d\u00edjak nincsenek benne a b\u00e9rleti d\u00edjban.<\/p>\n<p>Tisztelt leend\u0151 b\u00e9rl\u0151k! A horv\u00e1t ingatlank\u00f6zvet\u00edt\u0151i t\u00f6rv\u00e9ny \u00e9rtelm\u00e9ben az ingatlanok megtekint\u00e9se csak k\u00f6zvet\u00edt\u0151i szerz\u0151d\u00e9s al\u00e1\u00edr\u00e1s\u00e1val lehets\u00e9ges. A szerz\u0151d\u00e9s \u00e9rtelm\u00e9ben a b\u00e9rl\u0151 a b\u00e9rleti szerz\u0151d\u00e9s megk\u00f6t\u00e9sekor k\u00f6teles egy havi b\u00e9rleti d\u00edjnak megfelel\u0151 k\u00f6zvet\u00edt\u0151i jutal\u00e9kot fizetni.<\/p>\n<p>AZONOS\u00cdT\u00d3 K\u00d3D: 2313<\/p>\n<p>Sendi Vinski<br \/>\nEnged\u00e9lyezett \u00fcgyn\u00f6k<br \/>\nMobil: 0038598443289<br \/>\nTelefon: 0038551222673<br \/>\nE-mail: prodaja@ardor-realestate.com<br \/>\nwww.ardor-realestate.com<\/p><\/div>\n<div id=\"italijanski\">Gornja Ve\u017eica \u2013 Appartamento Bilocale con Soggiorno e Terrazza in Affitto<\/p>\n<p>Javasoljuk, hogy egy appartamento bilocale completamente arredato e attrezzato, con soggiorno e terrazza, \u00f6sszesen 56 m\u00b2 ter\u00fclet\u0171, teljes ter\u00fclet\u0171 appartamento bilocale completamente arredato e attrezzato, situato in una una zona molto ricercata e attracten.<\/p>\n<p>L&#039;appartamento \u00e8 pronto per essere abitato e si trova al piano terra dell&#039;edificio. Azonban a causa della conformazione del terreno, il lato sud corrisponde all&#039;altezza di un primo piano.<\/p>\n<p>La Posizione \u00e8 extremamente comoda, nelle immediato vixenos di tutti i servizi essentiali come shops, mezzi pubblici, scuole, asili \u00e9s m\u00e1s fontos szerkezetek.<\/p>\n<p>Immobile dispone di un posto auto in garage e un posto auto esterno.<\/p>\n<p>Le spese condominiali e le utenze non sono incluse nel canone di locazione.<\/p>\n<p>Gentili inquilini, in conformit\u00e0 con la Legge Croata sull\u2019intermediazione immobiliare, le visite all\u2019immobile sono possibili esclusivamente previa firma del Contratto di Mediazione. Ai sensi dello stesso, l\u2019inquilino \u00e8 tenuto a corrispondere la provvigione agenziale pari a una mensilit\u00e0 del canone d&#8217;affitto in caso di locazione.<\/p>\n<p>AZONOS\u00cdT\u00d3 K\u00d3D: 2313<\/p>\n<p>Sendi Vinski<br \/>\nEnged\u00e9lyezett \u00fcgyn\u00f6k<br \/>\nMobil: 0038598443289<br \/>\nTelefon: 0038551222673<br \/>\nE-mail: prodaja@ardor-realestate.com<br \/>\nwww.ardor-realestate.com<\/p><\/div>\n<div id=\"nemacki\">Gornja Ve\u017eica \u2013 2-Zimmer-Wohnung mit Wohnzimmer und Terrasse zur Miete<\/p>\n<p>Wir vermitteln die Vermietung einer toutstellung m\u00f6blierten und ausgestattente 2-Zimmer-Wohnung mit Wohnzimmer und Terrasse, mit einer Gesamtfl\u00e4che von 56 m\u00b2, gelegen in einer sehr vonz\u00f3 \u00e9s gefragten Lage.<\/p>\n<p>Die Wohnung ist bezugsfertig und befindet sich im Erdgeschoss des Geb\u00e4udes. A Hanglage miatt a S\u00fcdseite jedoch der H\u00f6he eines ersten Stocks-nak felel meg.<br \/>\nA Lage rendk\u00edv\u00fcl praktikus \u2013 in unmittelbarer N\u00e4he befinden sich Gesch\u00e4fte, \u00f6ffentli Verkehrsmittel, Schulen, Kinderg\u00e4rten und weitere fontose Einrichtungen.<br \/>\nZur Wohnung geh\u00f6ren ein Garagenstellplatz sowie ein Au\u00dfenstellplatz.<br \/>\nDie Betriebskosten (Nebenkosten) sind nicht im Mietpreis enthalten.<\/p>\n<p>Sehr geehrte Mietinteressenten, gem\u00e4\u00df dem kroatischen Gesetz \u00fcber die Immobilienvermittlung sind Besichtigungen austlichkeit nach Unterzeichnung eines Vermittlungsvertrags m\u00f6glich. Laut diesem Vertrag ist der Mieter im Falle einer Anmietung vermichtigt, eine Vermittlungsprovision in H\u00f6he einer monatlichen Miete zu zahlen.<\/p>\n<p>AZONOS\u00cdT\u00d3 K\u00d3D: 2313<\/p>\n<p>Sendi Vinski<br \/>\nEnged\u00e9lyezett \u00fcgyn\u00f6k<br \/>\nMobil: 0038598443289<br \/>\nTelefon: 0038551222673<br \/>\nE-mail: prodaja@ardor-realestate.com<br \/>\nwww.ardor-realestate.com<\/p><\/div>\n<div id=\"slovenacki\">Gornja Ve\u017eica - Egyszob\u00e1s apartman nappalival \u00e9s terasszal kiad\u00f3<br \/>\nK\u00f6zvet\u00edt\u00fcnk egy teljesen b\u00fatorozott \u00e9s felszerelt, egyszob\u00e1s, nappalival \u00e9s terasszal rendelkez\u0151, 56 m\u00b2-es apartman b\u00e9rl\u00e9s\u00e9t, amely a v\u00e1ros egy nagyon vonz\u00f3 \u00e9s keresett r\u00e9sz\u00e9n tal\u00e1lhat\u00f3.<br \/>\nA lak\u00e1s azonnal k\u00f6lt\u00f6zhet\u0151, \u00e9s az \u00e9p\u00fclet f\u00f6ldszintj\u00e9n tal\u00e1lhat\u00f3. A terepviszonyoknak k\u00f6sz\u00f6nhet\u0151en a d\u00e9li oldal megegyezik az els\u0151 emelet belmagass\u00e1g\u00e1val.<br \/>\nA lak\u00e1s elhelyezked\u00e9se rendk\u00edv\u00fcl praktikus, minden fontos szolg\u00e1ltat\u00e1s a k\u00f6zelben tal\u00e1lhat\u00f3, mint p\u00e9ld\u00e1ul \u00fczletek, t\u00f6megk\u00f6zleked\u00e9s, iskol\u00e1k, \u00f3vod\u00e1k \u00e9s egy\u00e9b int\u00e9zm\u00e9nyek.<br \/>\nA lak\u00e1shoz tartozik egy parkol\u00f3hely a gar\u00e1zsban \u00e9s egy k\u00fclt\u00e9ri parkol\u00f3hely.<\/p>\n<p>A k\u00f6lts\u00e9gek nincsenek benne a b\u00e9rleti d\u00edjban.<\/p>\n<p>Tisztelt b\u00e9rl\u0151k, az Ingatlank\u00f6zvet\u00edt\u00e9sr\u0151l sz\u00f3l\u00f3 t\u00f6rv\u00e9ny \u00e9rtelm\u00e9ben az ingatlan megtekint\u00e9se csak a k\u00f6zvet\u00edt\u0151i szerz\u0151d\u00e9s al\u00e1\u00edr\u00e1sa ut\u00e1n lehets\u00e9ges. Ezen szerz\u0151d\u00e9s \u00e9rtelm\u00e9ben b\u00e9rleti szerz\u0151d\u00e9s eset\u00e9n a b\u00e9rl\u0151 k\u00f6teles egy havi b\u00e9rleti d\u00edjnak megfelel\u0151 k\u00f6zvet\u00edt\u0151i jutal\u00e9kot fizetni.<\/p>\n<p>AZONOS\u00cdT\u00d3 K\u00d3D: 2313<\/p>\n<p>Sendi Vinski<br \/>\nEnged\u00e9lyezett \u00fcgyn\u00f6k<br \/>\nMobil: 0038598443289<br \/>\nTelefon: 0038551222673<br \/>\nE-mail: prodaja@ardor-realestate.com<br \/>\nwww.ardor-realestate.com<\/p><\/div>","protected":false},"excerpt":{"rendered":"<p>Gornja Ve\u017eica, posredujemo u najmu jednosobnog stana s dnevnim boravkom i terasom, ukupne povr\u0161ine 56 m\u00b2, smje\u0161tenog u atraktivnom i tra\u017eenom dijelu. Stan je u potpunosti namje\u0161ten i opremljen, te spreman za useljenje. Nalazi se u prizemlju zgrade, ali zbog konfiguracije terena, sa ju\u017ene strane odgovara visini prvog kata. Lokacija je izuzetno prakti\u010dna, u blizini [&hellip;]<\/p>","protected":false},"author":0,"featured_media":47769,"parent":0,"menu_order":0,"template":"","property_type":[201],"property_status":[254],"property_feature":[206,210,205],"property_label":[],"property_country":[104],"property_state":[548],"property_city":[220],"property_area":[199],"class_list":["post-47768","property","type-property","status-publish","has-post-thumbnail","hentry","property_type-stan-apartman","property_status-za-najam","property_feature-namjesteno","property_feature-pogled-na-more","property_feature-terasa","property_country-hrvatska","property_state-gornja-vezica","property_city-rijeka","property_area-primorsko-goranska-zupanija"],"property_meta":{"_thumbnail_id":["47769"],"fave_komunalije":["Voda","Struja","Gradski vodovod","Grijanje","Asfaltni put","Klima ure\u0111aj","Gradska kanalizacija",""],"fave_grijanje":["Grijalice i radijatori na struju",""],"fave_energetski-razred":["Energetski certifikat je u izradi",""],"fave_tehnika":["Portafon",""],"fave_parkirna-mjesta":["2",""],"fave_blizina-sadrzaja":["Park","Fitness","Sportski centar","Igrali\u0161te","Vrti\u0107","Trgovina","\u0160kola","Javni prijevoz","Kino",""],"fave_broj-etaza":["jednoeta\u017eni",""],"fave_tip-stana":["u stambenoj zgradi",""],"fave_property_id":["2313"],"fave_property_price":["1000"],"fave_property_rooms":["2"],"fave_property_bedrooms":["1"],"fave_property_bathrooms":["1"],"fave_property_size":["56.00"],"houzez_geolocation_long":["14.4767836"],"houzez_geolocation_lat":["45.3239779"],"fave_sprat":["Prizemlje"],"fave_lokacija":["Gornja Ve\u017eica, Rijeka"],"fave_wc":[""],"fave_ukupno-katova":["2"],"fave_property_land_postfix":["m\u00b2"],"fave_property_size_prefix":["m\u00b2"],"fave_property_land":["0.00"],"fave_property_year":[""],"fave_dozvole":[""],"fave_vrt":[""],"fave_property_images":["49677","49678","49679","49680","49681","49682","47777","49683","47776","49684","49685","49686","15913","15913","15913","15913","15913","15913","15913","15913","15913","15913","15913","15913","15913","15913","15913","15913","15913","15913","15913","15913","15913","15913","15913","15913","15913","15913","15913","15913","15913","15913","15913","15913","15913","15913","15913","15913","15913"],"fave_garaza":[""],"fave_natkriveno-parkirno-mjesto":[""],"fave_namjena":[""],"fave_pozicija":[""],"fave_tip-kuce":[""],"fave_tip-zemljista":[""],"fave_property_location":["45.3239779,14.4767836"],"fave_property_map":["1"],"fave_lokacija-2":["Gornja Ve\u017eica, Rijeka"],"fave_agent_display_option":["agent_info"],"fave_agents":["prodaja@ardor-realestate.com"],"_wp_page_template":["default"],"rank_math_internal_links_processed":["1"],"houzez_total_property_views":["754"],"houzez_views_by_date":["a:61:{s:10:\"02-12-2026\";i:8;s:10:\"02-13-2026\";i:1;s:10:\"02-14-2026\";i:9;s:10:\"02-15-2026\";i:16;s:10:\"02-17-2026\";i:8;s:10:\"02-18-2026\";i:5;s:10:\"02-19-2026\";i:16;s:10:\"02-20-2026\";i:9;s:10:\"02-22-2026\";i:14;s:10:\"02-23-2026\";i:7;s:10:\"02-24-2026\";i:15;s:10:\"02-25-2026\";i:1;s:10:\"02-26-2026\";i:7;s:10:\"02-27-2026\";i:15;s:10:\"03-01-2026\";i:7;s:10:\"03-02-2026\";i:10;s:10:\"03-03-2026\";i:6;s:10:\"03-04-2026\";i:10;s:10:\"03-05-2026\";i:9;s:10:\"03-06-2026\";i:8;s:10:\"03-08-2026\";i:8;s:10:\"03-09-2026\";i:1;s:10:\"03-11-2026\";i:17;s:10:\"03-14-2026\";i:10;s:10:\"03-15-2026\";i:4;s:10:\"03-17-2026\";i:10;s:10:\"03-18-2026\";i:7;s:10:\"03-22-2026\";i:8;s:10:\"03-23-2026\";i:1;s:10:\"03-24-2026\";i:9;s:10:\"03-25-2026\";i:15;s:10:\"03-26-2026\";i:9;s:10:\"03-27-2026\";i:7;s:10:\"03-28-2026\";i:7;s:10:\"03-31-2026\";i:8;s:10:\"04-01-2026\";i:15;s:10:\"04-02-2026\";i:1;s:10:\"04-03-2026\";i:7;s:10:\"04-06-2026\";i:16;s:10:\"04-07-2026\";i:2;s:10:\"04-08-2026\";i:16;s:10:\"04-09-2026\";i:8;s:10:\"04-10-2026\";i:2;s:10:\"04-11-2026\";i:15;s:10:\"04-12-2026\";i:1;s:10:\"04-13-2026\";i:8;s:10:\"04-14-2026\";i:8;s:10:\"04-15-2026\";i:7;s:10:\"04-16-2026\";i:8;s:10:\"04-17-2026\";i:7;s:10:\"04-18-2026\";i:1;s:10:\"04-19-2026\";i:16;s:10:\"04-22-2026\";i:3;s:10:\"04-23-2026\";i:9;s:10:\"04-24-2026\";i:8;s:10:\"04-25-2026\";i:8;s:10:\"04-26-2026\";i:2;s:10:\"04-27-2026\";i:7;s:10:\"04-28-2026\";i:11;s:10:\"04-29-2026\";i:9;s:10:\"04-30-2026\";i:7;}"],"houzez_recently_viewed":["2026-04-30 04:56:15"]},"_links":{"self":[{"href":"https:\/\/ardor-realestate.com\/hu\/wp-json\/wp\/v2\/properties\/47768","targetHints":{"allow":["GET"]}}],"collection":[{"href":"https:\/\/ardor-realestate.com\/hu\/wp-json\/wp\/v2\/properties"}],"about":[{"href":"https:\/\/ardor-realestate.com\/hu\/wp-json\/wp\/v2\/types\/property"}],"version-history":[{"count":0,"href":"https:\/\/ardor-realestate.com\/hu\/wp-json\/wp\/v2\/properties\/47768\/revisions"}],"wp:featuredmedia":[{"embeddable":true,"href":"https:\/\/ardor-realestate.com\/hu\/wp-json\/wp\/v2\/media\/47769"}],"wp:attachment":[{"href":"https:\/\/ardor-realestate.com\/hu\/wp-json\/wp\/v2\/media?parent=47768"}],"wp:term":[{"taxonomy":"property_type","embeddable":true,"href":"https:\/\/ardor-realestate.com\/hu\/wp-json\/wp\/v2\/property_type?post=47768"},{"taxonomy":"property_status","embeddable":true,"href":"https:\/\/ardor-realestate.com\/hu\/wp-json\/wp\/v2\/property_status?post=47768"},{"taxonomy":"property_feature","embeddable":true,"href":"https:\/\/ardor-realestate.com\/hu\/wp-json\/wp\/v2\/property_feature?post=47768"},{"taxonomy":"property_label","embeddable":true,"href":"https:\/\/ardor-realestate.com\/hu\/wp-json\/wp\/v2\/property_label?post=47768"},{"taxonomy":"property_country","embeddable":true,"href":"https:\/\/ardor-realestate.com\/hu\/wp-json\/wp\/v2\/property_country?post=47768"},{"taxonomy":"property_state","embeddable":true,"href":"https:\/\/ardor-realestate.com\/hu\/wp-json\/wp\/v2\/property_state?post=47768"},{"taxonomy":"property_city","embeddable":true,"href":"https:\/\/ardor-realestate.com\/hu\/wp-json\/wp\/v2\/property_city?post=47768"},{"taxonomy":"property_area","embeddable":true,"href":"https:\/\/ardor-realestate.com\/hu\/wp-json\/wp\/v2\/property_area?post=47768"}],"curies":[{"name":"munkaf\u00fczet","href":"https:\/\/api.w.org\/{rel}","templated":true}]}}