{"id":47599,"date":"2024-12-12T00:00:00","date_gmt":"2024-12-11T23:00:00","guid":{"rendered":"https:\/\/ardor-realestate.com\/nekretnina\/srdoci-prostrani-stan-sa-dvije-terase-za-najam\/"},"modified":"2026-03-24T07:58:23","modified_gmt":"2026-03-24T06:58:23","slug":"srdoci-tagas-lakas-ket-terasszal-kiado","status":"publish","type":"property","link":"https:\/\/ardor-realestate.com\/hu\/ingatlan\/srdoci-tagas-lakas-ket-terasszal-kiado\/","title":{"rendered":"Srdo\u010di, t\u00e1gas lak\u00e1s k\u00e9t terasszal kiad\u00f3"},"content":{"rendered":"<div id=\"hrvatski\">Srdo\u010di telep\u00fcl\u00e9sen egy t\u00e1gas lak\u00e1s hossz\u00fa t\u00e1vra kiad\u00f3 egy csal\u00e1di h\u00e1z els\u0151 emelet\u00e9n. A lak\u00f3ter\u00fclet 125 m\u00b2, k\u00e9t tov\u00e1bbi erk\u00e9llyel, \u00edgy \u00f6sszesen 135 m\u00b2.<\/p>\n<p>Az apartmanban h\u00e1rom h\u00e1l\u00f3szoba, egy t\u00e1gas nappali, egy \u00e9tkez\u0151s konyha, egy f\u00fcrd\u0151szoba WC-vel \u00e9s egy tov\u00e1bbi k\u00fcl\u00f6n WC tal\u00e1lhat\u00f3. A lak\u00e1shoz tartozik m\u00e9g egy parkol\u00f3hely \u00e9s kij\u00e1rat az udvarba. Az utols\u00f3 fel\u00faj\u00edt\u00e1s 2020-ban t\u00f6rt\u00e9nt.<\/p>\n<p>A havi b\u00e9rleti d\u00edj 900 \u20ac, a rezsit az \u00e1r nem tartalmazza. <\/p>\n<p>Tisztelt b\u00e9rl\u0151k, az ingatlank\u00f6zvet\u00edt\u0151i t\u00f6rv\u00e9ny \u00e9rtelm\u00e9ben az ingatlan megtekint\u00e9s\u00e9re csak a k\u00f6zvet\u00edt\u0151i szerz\u0151d\u00e9s al\u00e1\u00edr\u00e1sa ut\u00e1n van lehet\u0151s\u00e9g. Ugyanez szerint a b\u00e9rl\u0151 b\u00e9rbead\u00e1s eset\u00e9n egy havi b\u00e9rleti d\u00edj \u00f6sszeg\u0171 \u00fcgyn\u00f6ki jutal\u00e9kot k\u00f6teles fizetni.<\/p>\n<p>\u00dcGYN\u00d6KS\u00c9G azonos\u00edt\u00f3: 2306<\/p>\n<p>Andrea De Matteo<br \/>\nEnged\u00e9lyezett \u00fcgyn\u00f6k<br \/>\nMobil: 095 331 1000<br \/>\nTelefon: 051 222 673<br \/>\nE-mail: andrea.dematteo@ardor-realestate.com<br \/>\nwww.ardor-realestate.com<\/p><\/div>\n<div id=\"engleski\">T\u00e1gas lak\u00e1s hossz\u00fa t\u00e1vra kiad\u00f3 a Srdo\u010di negyedben, egy csal\u00e1di h\u00e1z els\u0151 emelet\u00e9n. A lak\u00f3ter\u00fclet 125 m\u00b2, k\u00e9t tov\u00e1bbi erk\u00e9llyel, \u00edgy \u00f6sszesen 135 m\u00b2.<\/p>\n<p>Az apartmanban h\u00e1rom h\u00e1l\u00f3szoba, egy t\u00e1gas nappali, egy \u00e9tkez\u0151s konyha, egy f\u00fcrd\u0151szoba WC-vel \u00e9s egy tov\u00e1bbi k\u00fcl\u00f6n WC tal\u00e1lhat\u00f3. A lak\u00e1shoz tartozik egy parkol\u00f3hely \u00e9s kij\u00e1rat az udvarra. Az utols\u00f3 fel\u00faj\u00edt\u00e1s 2020-ban k\u00e9sz\u00fclt el.<\/p>\n<p>A havi b\u00e9rleti d\u00edj 900 \u20ac, a rezsit az \u00e1r nem tartalmazza.<\/p>\n<p>Tisztelt B\u00e9rl\u0151k! Az ingatlank\u00f6zvet\u00edt\u0151i t\u00f6rv\u00e9ny \u00e9rtelm\u00e9ben az ingatlan megtekint\u00e9s\u00e9re csak k\u00f6zvet\u00edt\u0151i szerz\u0151d\u00e9s al\u00e1\u00edr\u00e1sa ut\u00e1n van lehet\u0151s\u00e9g. Ennek megfelel\u0151en a b\u00e9rl\u0151 b\u00e9rbead\u00e1s eset\u00e9n egy havi b\u00e9rleti d\u00edjnak megfelel\u0151 \u00fcgyn\u00f6ki jutal\u00e9kot k\u00f6teles fizetni.<\/p>\n<p>azonos\u00edt\u00f3: 2306<\/p>\n<p>Andrea De Matteo<br \/>\nEnged\u00e9lyezett \u00fcgyn\u00f6k<br \/>\nMobil: 095 331 1000<br \/>\nTelefon: 051 222 673<br \/>\nE-mail: andrea.dematteo@ardor-realestate.com<br \/>\nwww.ardor-realestate.com<\/p><\/div>\n<div id=\"italijanski\">T\u00e1gas lak\u00e1s hossz\u00fa t\u00e1vra kiad\u00f3 a Srdo\u010di ker\u00fcletben, egy csal\u00e1di h\u00e1z els\u0151 emelet\u00e9n. A lak\u00f3ter\u00fclet 125 m\u00b2, k\u00e9t tov\u00e1bbi erk\u00e9llyel, \u00f6sszesen 135 m\u00b2.<\/p>\n<p>Az apartmanban h\u00e1rom h\u00e1l\u00f3szoba, egy nagy nappali, egy konyha \u00e9tkez\u0151vel, egy f\u00fcrd\u0151szoba WC-vel \u00e9s egy tov\u00e1bbi k\u00fcl\u00f6n WC tal\u00e1lhat\u00f3. A lak\u00e1shoz tartozik egy parkol\u00f3 \u00e9s egy udvari kij\u00e1rat. Az utols\u00f3 fel\u00faj\u00edt\u00e1s 2020-ban k\u00e9sz\u00fclt el.<\/p>\n<p>A havi b\u00e9rleti d\u00edj 900 \u20ac, a rezsit az \u00e1r nem tartalmazza.<\/p>\n<p>Tisztelt B\u00e9rl\u0151k! Az ingatlank\u00f6zvet\u00edt\u0151i t\u00f6rv\u00e9ny \u00e9rtelm\u00e9ben az ingatlan l\u00e1togat\u00e1sa csak k\u00f6zvet\u00edt\u0151i szerz\u0151d\u00e9s al\u00e1\u00edr\u00e1sa ut\u00e1n lehets\u00e9ges. Ebb\u0151l k\u00f6vetkez\u0151en a b\u00e9rl\u0151 b\u00e9rleti szerz\u0151d\u00e9s eset\u00e9n egy havi b\u00e9rleti d\u00edjnak megfelel\u0151 jutal\u00e9kot k\u00f6teles fizetni az \u00fcgyn\u00f6ks\u00e9gnek.<\/p>\n<p>azonos\u00edt\u00f3: 2306<\/p>\n<p>Andrea De Matteo<br \/>\nEnged\u00e9lyezett \u00fcgyn\u00f6k<br \/>\nMobil: 095 331 1000<br \/>\nTelefon: 051 222 673<br \/>\nE-mail: andrea.dematteo@ardor-realestate.com<br \/>\nwww.ardor-realestate.com<\/p><\/div>\n<div id=\"nemacki\">T\u00e1gas lak\u00e1s hossz\u00fa t\u00e1vra kiad\u00f3 a Srdo\u010di ker\u00fcletben, egy csal\u00e1di h\u00e1z els\u0151 emelet\u00e9n. A lak\u00f3ter\u00fclet 125 m\u00b2, k\u00e9t tov\u00e1bbi erk\u00e9llyel, \u00f6sszesen 135 m\u00b2.<\/p>\n<p>Az apartmanban h\u00e1rom h\u00e1l\u00f3szoba, egy t\u00e1gas nappali, egy \u00e9tkez\u0151s konyha, egy f\u00fcrd\u0151szoba WC-vel \u00e9s egy tov\u00e1bbi k\u00fcl\u00f6n WC tal\u00e1lhat\u00f3. A lak\u00e1shoz tartozik egy parkol\u00f3 \u00e9s egy udvari kij\u00e1rat. Az utols\u00f3 fel\u00faj\u00edt\u00e1s 2020-ban k\u00e9sz\u00fclt el.<\/p>\n<p>A havi b\u00e9rleti d\u00edj 900 \u20ac, a tov\u00e1bbi k\u00f6lts\u00e9geket az \u00e1r nem tartalmazza.<\/p>\n<p>Kedves b\u00e9rl\u0151k, az ingatlank\u00f6zvet\u00edt\u0151i t\u00f6rv\u00e9ny \u00e9rtelm\u00e9ben az ingatlan megtekint\u00e9s\u00e9re csak k\u00f6zvet\u00edt\u0151i szerz\u0151d\u00e9s al\u00e1\u00edr\u00e1sa ut\u00e1n van lehet\u0151s\u00e9g. Ennek megfelel\u0151en a b\u00e9rl\u0151 b\u00e9rbead\u00e1s eset\u00e9n havi b\u00e9rleti d\u00edjnak megfelel\u0151 k\u00f6zvet\u00edt\u0151i jutal\u00e9kot k\u00f6teles fizetni.<\/p>\n<p>azonos\u00edt\u00f3: 2306<\/p>\n<p>Andrea De Matteo<br \/>\nEnged\u00e9lyezett \u00fcgyn\u00f6k<br \/>\nMobil: 095 331 1000<br \/>\nTelefon: 051 222 673<br \/>\nE-mail: andrea.dematteo@ardor-realestate.com<br \/>\nwww.ardor-realestate.com<\/p><\/div>\n<div id=\"slovenacki\">Srdo\u010di telep\u00fcl\u00e9sen egy t\u00e1gas lak\u00e1s hossz\u00fa t\u00e1vra kiad\u00f3 egy csal\u00e1di h\u00e1z els\u0151 emelet\u00e9n. A lak\u00f3ter\u00fclet 125 m\u00b2, k\u00e9t tov\u00e1bbi erk\u00e9llyel, \u00f6sszesen 135 m\u00b2.<\/p>\n<p>Az apartmanban h\u00e1rom h\u00e1l\u00f3szoba, egy t\u00e1gas nappali, egy \u00e9tkez\u0151s konyha, egy f\u00fcrd\u0151szoba WC-vel \u00e9s egy tov\u00e1bbi k\u00fcl\u00f6n WC tal\u00e1lhat\u00f3. A lak\u00e1shoz tartozik m\u00e9g egy parkol\u00f3hely \u00e9s kij\u00e1rat az udvarba. Az utols\u00f3 fel\u00faj\u00edt\u00e1s 2020-ban t\u00f6rt\u00e9nt.<\/p>\n<p>A havi b\u00e9rleti d\u00edj 900 \u20ac, a k\u00f6lts\u00e9geket az \u00e1r nem tartalmazza.<\/p>\n<p>Tisztelt b\u00e9rl\u0151k, az ingatlank\u00f6zvet\u00edt\u0151i t\u00f6rv\u00e9ny \u00e9rtelm\u00e9ben az ingatlan megtekint\u00e9se csak k\u00f6zvet\u00edt\u0151i szerz\u0151d\u00e9s megk\u00f6t\u00e9se ut\u00e1n lehets\u00e9ges. A b\u00e9rl\u0151 b\u00e9rleti szerz\u0151d\u00e9s eset\u00e9n egy havi b\u00e9rleti d\u00edj \u00f6sszeg\u0171 \u00fcgyn\u00f6ki jutal\u00e9kot k\u00f6teles fizetni.<\/p>\n<p>azonos\u00edt\u00f3: 2306<\/p>\n<p>Andrea De Matteo<br \/>\nEnged\u00e9lyezett \u00fcgyn\u00f6k<br \/>\nMobil: 095 331 1000<br \/>\nTelefon: 051 222 673<br \/>\nE-mail: andrea.dematteo@ardor-realestate.com<br \/>\nwww.ardor-realestate.com<\/p><\/div>","protected":false},"excerpt":{"rendered":"<p>Na dugoro\u010dni najam iznajmljuje se prostran stan u naselju Srdo\u010di, smje\u0161ten na prvom katu obiteljske ku\u0107e. Stambena povr\u0161ina iznosi 125 m\u00b2, uz dodatna dva balkona, \u0161to ukupno \u010dini 135 m\u00b2. Stan se sastoji od tri spava\u0107e sobe, prostranog dnevnog boravka, kuhinje s blagovaonicom, kupaonice s WC-om te dodatnog zasebnog WC-a. Uz stan dolazi i jedno [&hellip;]<\/p>","protected":false},"author":0,"featured_media":47600,"parent":0,"menu_order":0,"template":"","property_type":[201],"property_status":[254],"property_feature":[260,206,210,222,205],"property_label":[],"property_country":[104],"property_state":[590],"property_city":[220],"property_area":[199],"class_list":["post-47599","property","type-property","status-publish","has-post-thumbnail","hentry","property_type-stan-apartman","property_status-za-najam","property_feature-kotlovnica","property_feature-namjesteno","property_feature-pogled-na-more","property_feature-povrsina-terase","property_feature-terasa","property_country-hrvatska","property_state-srdoci","property_city-rijeka","property_area-primorsko-goranska-zupanija"],"property_meta":{"_thumbnail_id":["47600"],"fave_komunalije":["Voda","Struja","Gradski vodovod","Grijanje","Gradska kanalizacija",""],"fave_grijanje":["Zajedni\u010dka kotlovnica",""],"fave_energetski-razred":["Energetski certifikat je u izradi",""],"fave_parkirna-mjesta":["1",""],"fave_blizina-sadrzaja":["Park","Fitness","Sportski centar","Igrali\u0161te","Po\u0161ta","Banka","Vrti\u0107","Trgovina","\u0160kola","Javni prijevoz",""],"fave_broj-etaza":["jednoeta\u017eni",""],"fave_tip-stana":["u ku\u0107i",""],"fave_property_id":["2306"],"fave_property_price":["900"],"fave_property_rooms":["4"],"fave_property_bedrooms":["3"],"fave_property_bathrooms":["1"],"fave_property_size":["135.00"],"houzez_geolocation_long":["14.3679956"],"houzez_geolocation_lat":["45.3569463"],"fave_sprat":["1"],"fave_lokacija":["Srdo\u010di, Rijeka"],"fave_wc":["2"],"fave_ukupno-katova":["1"],"fave_property_land_postfix":["m\u00b2"],"fave_property_size_prefix":["m\u00b2"],"fave_property_land":["0.00"],"fave_property_year":[""],"fave_dozvole":[""],"fave_tehnika":[""],"fave_vrt":[""],"fave_property_images":["48605","48606","48607","48608","48609","48610","48611","48612","48613","48614","48615","48616","48617","48618","48619","48620","48621","48622","48623","48624","48625","48626","48627","15913","15913","15913","15913","15913","15913","15913","15913","15913","15913","15913","15913","15913","15913","15913","15913","15913","15913","15913","15913","15913","15913","15913","15913","15913","15913"],"fave_garaza":[""],"fave_natkriveno-parkirno-mjesto":[""],"fave_namjena":[""],"fave_pozicija":[""],"fave_tip-kuce":[""],"fave_tip-zemljista":[""],"fave_property_location":["45.3569463,14.3679956"],"fave_property_map":["1"],"fave_lokacija-2":["Srdo\u010di, Rijeka"],"fave_agent_display_option":["agent_info"],"fave_agents":["andrea.dematteo@ardor-realestate.com"],"_wp_page_template":["default"],"rank_math_internal_links_processed":["1"],"houzez_total_property_views":["184"],"houzez_views_by_date":["a:29:{s:10:\"03-24-2026\";i:7;s:10:\"03-25-2026\";i:1;s:10:\"03-26-2026\";i:9;s:10:\"03-27-2026\";i:9;s:10:\"03-28-2026\";i:7;s:10:\"03-30-2026\";i:7;s:10:\"03-31-2026\";i:14;s:10:\"04-01-2026\";i:7;s:10:\"04-02-2026\";i:1;s:10:\"04-04-2026\";i:7;s:10:\"04-05-2026\";i:1;s:10:\"04-06-2026\";i:8;s:10:\"04-08-2026\";i:1;s:10:\"04-09-2026\";i:7;s:10:\"04-10-2026\";i:7;s:10:\"04-12-2026\";i:8;s:10:\"04-14-2026\";i:15;s:10:\"04-15-2026\";i:1;s:10:\"04-16-2026\";i:10;s:10:\"04-17-2026\";i:8;s:10:\"04-19-2026\";i:7;s:10:\"04-22-2026\";i:9;s:10:\"04-23-2026\";i:6;s:10:\"04-24-2026\";i:1;s:10:\"04-25-2026\";i:10;s:10:\"04-26-2026\";i:1;s:10:\"04-28-2026\";i:2;s:10:\"04-29-2026\";i:6;s:10:\"04-30-2026\";i:7;}"],"houzez_recently_viewed":["2026-04-30 08:07:31"],"_elementor_page_assets":["a:0:{}"]},"_links":{"self":[{"href":"https:\/\/ardor-realestate.com\/hu\/wp-json\/wp\/v2\/properties\/47599","targetHints":{"allow":["GET"]}}],"collection":[{"href":"https:\/\/ardor-realestate.com\/hu\/wp-json\/wp\/v2\/properties"}],"about":[{"href":"https:\/\/ardor-realestate.com\/hu\/wp-json\/wp\/v2\/types\/property"}],"version-history":[{"count":0,"href":"https:\/\/ardor-realestate.com\/hu\/wp-json\/wp\/v2\/properties\/47599\/revisions"}],"wp:featuredmedia":[{"embeddable":true,"href":"https:\/\/ardor-realestate.com\/hu\/wp-json\/wp\/v2\/media\/47600"}],"wp:attachment":[{"href":"https:\/\/ardor-realestate.com\/hu\/wp-json\/wp\/v2\/media?parent=47599"}],"wp:term":[{"taxonomy":"property_type","embeddable":true,"href":"https:\/\/ardor-realestate.com\/hu\/wp-json\/wp\/v2\/property_type?post=47599"},{"taxonomy":"property_status","embeddable":true,"href":"https:\/\/ardor-realestate.com\/hu\/wp-json\/wp\/v2\/property_status?post=47599"},{"taxonomy":"property_feature","embeddable":true,"href":"https:\/\/ardor-realestate.com\/hu\/wp-json\/wp\/v2\/property_feature?post=47599"},{"taxonomy":"property_label","embeddable":true,"href":"https:\/\/ardor-realestate.com\/hu\/wp-json\/wp\/v2\/property_label?post=47599"},{"taxonomy":"property_country","embeddable":true,"href":"https:\/\/ardor-realestate.com\/hu\/wp-json\/wp\/v2\/property_country?post=47599"},{"taxonomy":"property_state","embeddable":true,"href":"https:\/\/ardor-realestate.com\/hu\/wp-json\/wp\/v2\/property_state?post=47599"},{"taxonomy":"property_city","embeddable":true,"href":"https:\/\/ardor-realestate.com\/hu\/wp-json\/wp\/v2\/property_city?post=47599"},{"taxonomy":"property_area","embeddable":true,"href":"https:\/\/ardor-realestate.com\/hu\/wp-json\/wp\/v2\/property_area?post=47599"}],"curies":[{"name":"munkaf\u00fczet","href":"https:\/\/api.w.org\/{rel}","templated":true}]}}