{"id":47136,"date":"2024-11-28T00:00:00","date_gmt":"2024-11-27T23:00:00","guid":{"rendered":"https:\/\/ardor-realestate.com\/nekretnina\/kostrena-moderna-garsonijera-sa-parkingom\/"},"modified":"2026-03-19T07:57:31","modified_gmt":"2026-03-19T06:57:31","slug":"kostrena-modern-studiolakas-parkoloval","status":"publish","type":"property","link":"https:\/\/ardor-realestate.com\/hu\/ingatlan\/kostrena-modern-studiolakas-parkoloval\/","title":{"rendered":"Kostrena, modern st\u00fadi\u00f3lak\u00e1s parkol\u00f3val"},"content":{"rendered":"<div id=\"hrvatski\">K\u00e9t gy\u00f6ny\u00f6r\u0171, 30 m\u00b2-es st\u00fadi\u00f3lak\u00e1s kiad\u00f3 Kostrena csendes, z\u00f6ld\u00f6vezeti r\u00e9sz\u00e9n. Az apartmanok teljesen felszereltek \u00e9s azonnal bek\u00f6lt\u00f6zhet\u0151k, \u00e9s 2024. okt\u00f3ber 1. \u00e9s 2025. j\u00fanius 1. k\u00f6z\u00f6tt k\u00f6lt\u00f6zhet\u0151k.<\/p>\n<p>A h\u00e1z f\u00f6ldszintj\u00e9n \u00e9s els\u0151 emelet\u00e9n helyezkednek el, \u00e9s minden sz\u00fcks\u00e9ges felszerel\u00e9ssel rendelkeznek a k\u00e9nyelmes \u00e9lethez. Konyh\u00e1val, \u00e9tkez\u0151vel, zuhanyz\u00f3s f\u00fcrd\u0151szob\u00e1val \u00e9s padl\u00f3f\u0171t\u00e9ssel, valamint erk\u00e9llyel \u00e9s terasszal rendelkeznek.<\/p>\n<p>Minden st\u00fadi\u00f3hoz tartozik egy k\u00fclt\u00e9ri, fedetlen parkol\u00f3hely az \u00e9p\u00fcleten bel\u00fcl. A lak\u00e1sok keleti fekv\u00e9s\u0171ek, ami rengeteg term\u00e9szetes f\u00e9nyt biztos\u00edt.<\/p>\n<p>Az apartmanok \u00e1ra 1100 eur\u00f3, a rezsi benne van a b\u00e9rleti d\u00edjban. Van egy udvar is, ahol grillez\u00e9si lehet\u0151s\u00e9g van. A st\u00fadi\u00f3 egy f\u0151 sz\u00e1m\u00e1ra ide\u00e1lis.<\/p>\n<p>Tisztelt b\u00e9rl\u0151k, az ingatlank\u00f6zvet\u00edt\u0151i t\u00f6rv\u00e9ny \u00e9rtelm\u00e9ben az ingatlan megtekint\u00e9s\u00e9re csak a k\u00f6zvet\u00edt\u0151i szerz\u0151d\u00e9s al\u00e1\u00edr\u00e1sa ut\u00e1n van lehet\u0151s\u00e9g. Ugyanez szerint a b\u00e9rl\u0151 b\u00e9rbead\u00e1s eset\u00e9n egy havi b\u00e9rleti d\u00edj \u00f6sszeg\u0171 \u00fcgyn\u00f6ki jutal\u00e9kot k\u00f6teles fizetni.<\/p>\n<p>\u00dcGYN\u00d6KS\u00c9G AZONOS\u00cdT\u00d3 K\u00d3DJA: 2287<\/p>\n<p>Andrea De Matteo<br \/>\nEnged\u00e9lyezett \u00fcgyn\u00f6k<br \/>\nMobil: 095 331 1000<br \/>\nTelefon: 051 222 673<br \/>\nE-mail: andrea.dematteo@ardor-realestate.com<br \/>\nwww.ardor-realestate.com<\/p><\/div>\n<div id=\"engleski\">K\u00e9t gy\u00f6ny\u00f6r\u0171, egyenk\u00e9nt 30 m\u00b2-es st\u00fadi\u00f3lak\u00e1s kiad\u00f3 Kostrena csendes, z\u00f6ld\u00f6vezeti r\u00e9sz\u00e9n. Az apartmanok teljesen felszereltek \u00e9s azonnal bek\u00f6lt\u00f6zhet\u0151k, 2024. okt\u00f3ber 1-j\u00e9t\u0151l 2025. j\u00fanius 1-j\u00e9ig el\u00e9rhet\u0151ek.<\/p>\n<p>A h\u00e1z f\u00f6ldszintj\u00e9n \u00e9s els\u0151 emelet\u00e9n tal\u00e1lhat\u00f3k, \u00e9s minden sz\u00fcks\u00e9ges felszerel\u00e9ssel rendelkeznek a k\u00e9nyelmes \u00e9lethez. Minden apartman konyh\u00e1val, \u00e9tkez\u0151vel, zuhanyz\u00f3s f\u00fcrd\u0151szob\u00e1val \u00e9s padl\u00f3f\u0171t\u00e9ssel, valamint erk\u00e9llyel \u00e9s terasszal rendelkezik.<\/p>\n<p>Minden st\u00fadi\u00f3hoz egy kijel\u00f6lt k\u00fclt\u00e9ri, fedetlen parkol\u00f3hely tartozik a telken bel\u00fcl. Az apartmanok keleti fekv\u00e9s\u0171ek, \u00edgy rengeteg term\u00e9szetes f\u00e9ny jut be hozz\u00e1juk.<\/p>\n<p>Apartmanonk\u00e9nt 1100 eur\u00f3 az \u00e1r, a rezsi benne van a b\u00e9rleti d\u00edjban. Udvar grillez\u0151vel is rendelkez\u00e9sre \u00e1ll. A st\u00fadi\u00f3lak\u00e1sok ide\u00e1lisak egy f\u0151 sz\u00e1m\u00e1ra.<\/p>\n<p>Dear tenants, in accordance with the Real Estate Brokerage Act, property viewings are only possible with the signing of a Brokerage Agreement. According to this, the tenant is obligated to pay an agency commission in the amount of one month&#8217;s rent in case of renting.<\/p>\n<p>AZONOS\u00cdT\u00d3 K\u00d3D: 2287<\/p>\n<p>Andrea De Matteo<br \/>\nEnged\u00e9lyezett \u00fcgyn\u00f6k<br \/>\nMobil: 095 331 1000<br \/>\nTelefon: 051 222 673<br \/>\nE-mail: andrea.dematteo@ardor-realestate.com<br \/>\nwww.ardor-realestate.com<\/p><\/div>\n<div id=\"italijanski\">Si affittano two bellissimi monolocali di 30 m\u00b2 ciascuno, situati in una zona tranquilla di Kostrena, circondati dal verde. Az apartmanok teljesen b\u00fatorozottak, k\u00f6lt\u00f6zhet\u0151ek, 2024. okt\u00f3ber 1-t\u0151l 2025. j\u00fanius 1-ig foglalhat\u00f3k.<\/p>\n<p>Al piano terra \u00e9s al primo piano di una casa apartmanokat k\u00edn\u00e1lnak, \u00e9s minden olyan k\u00e9nyelmi felszerelts\u00e9ggel rendelkeznek, amely a k\u00e9nyelmes \u00e9lethez sz\u00fcks\u00e9ges. Minden apartman konyh\u00e1val, \u00e9tkez\u0151vel, zuhanyz\u00f3s f\u00fcrd\u0151szob\u00e1val \u00e9s padl\u00f3f\u0171t\u00e9ssel, valamint erk\u00e9llyel \u00e9s terasszal rendelkezik.<\/p>\n<p>Ogni monolocale dispone di un posto auto scoperto all&#8217;interno della propriet\u00e0. Gli appartamenti sono esposti a est, garantendo molta luce naturale.<\/p>\n<p>A prezzo di ciascun apartment 1100 \u20ac, con le spese inclluce nel canone di affitto. El\u00e9rhet\u0151 anche un cortile con area barbecue. \u00c9s monolocali sono ideali per una persona.<\/p>\n<p>Gentili inquilini, in conformitio con la Legge sulla mediazione immobiliare, le visita alla propriet\u00e0 sono possibili previa firma del Contratto di Mediazione. Secondo tale legge, l&#039;inquilino \u00e8 obbligato a honore una Commissione pari a mese di affitto in caso di locazione.<\/p>\n<p>AZONOS\u00cdT\u00d3 K\u00d3D: 2287<\/p>\n<p>Andrea De Matteo<br \/>\nEnged\u00e9lyezett \u00fcgyn\u00f6k<br \/>\nMobil: 095 331 1000<br \/>\nTelefon: 051 222 673<br \/>\nE-mail: andrea.dematteo@ardor-realestate.com<br \/>\nwww.ardor-realestate.com<\/p><\/div>\n<div id=\"nemacki\">Zwei wundersch\u00f6ne Studio-Apartments mit je 30 m\u00b2 stehen zur Miete in einer ruhigen Gegend von Kostrena, umgeben von Gr\u00fcnfl\u00e4chen. Die Apartments sind komplett ausgestatt und bezugsfertig, verf\u00fcgbar vom 1. Oktober 2024 bis zum 1. June 2025.<\/p>\n<p>Sie befinden sich im Erdgeschoss und im ersten Stock eines Hauses und bieten alle notwendigen am\u00f6gendet f\u00fcr ein komfortsene Wohnen. Jedes Apartment ist mit einer K\u00fcche, einem Essbereich, einem Badezimmer mit Dusche und Fu\u00dfbodenheizung sowie einem Balkon und einer Terrasse ausgestattt.<\/p>\n<p>Jedes Studio verf\u00fcgt \u00fcber einen eigenen, nicht \u00fcberdachten Au\u00dfenparkplatz auf dem Grundst\u00fcck. Die Apartments sind nach Osten gerichten und bieten viel Tageslicht.<\/p>\n<p>Minden lak\u00e1s \u00e1ra 1100 \u20ac, mely tartalmazza a b\u00e9rleti d\u00edjat is. Ein Hof mit Grillbereich steht ebenfalls zur Verf\u00fcgung. A st\u00fadi\u00f3k ide\u00e1lisak egy szem\u00e9ly sz\u00e1m\u00e1ra.<\/p>\n<p>Sehr geehrte Mieter, gem\u00e4\u00df dem Immobilienvermittlungsgesetz sind Besichtigungen der Immobilie nur mit Unterzeichnung eines Vermittlungsvertrags m\u00f6glich. Demnach ist der Mieter vermicht, im Falle einer Anmietung eine Vermittlungsprovision in H\u00f6he einer Monatsmiete zu zahlen.<\/p>\n<p>AZONOS\u00cdT\u00d3 K\u00d3D: 2287<\/p>\n<p>Andrea De Matteo<br \/>\nEnged\u00e9lyezett \u00fcgyn\u00f6k<br \/>\nMobil: 095 331 1000<br \/>\nTelefon: 051 222 673<br \/>\nE-mail: andrea.dematteo@ardor-realestate.com<br \/>\nwww.ardor-realestate.com<\/p><\/div>\n<div id=\"slovenacki\">K\u00e9t gy\u00f6ny\u00f6r\u0171, egyenk\u00e9nt 30 m\u00b2-es st\u00fadi\u00f3lak\u00e1s kiad\u00f3 Kostrena csendes, z\u00f6ld\u00f6vezeti r\u00e9sz\u00e9n. A lak\u00e1s teljesen felszerelt \u00e9s azonnal k\u00f6lt\u00f6zhet\u0151, 2024. okt\u00f3ber 1-j\u00e9t\u0151l 2025. j\u00fanius 1-j\u00e9ig k\u00f6lt\u00f6zhet\u0151.<\/p>\n<p>A h\u00e1z f\u00f6ldszintj\u00e9n \u00e9s els\u0151 emelet\u00e9n tal\u00e1lhat\u00f3k, \u00e9s minden sz\u00fcks\u00e9ges felszerel\u00e9ssel rendelkeznek a k\u00e9nyelmes tart\u00f3zkod\u00e1shoz. Minden apartman konyh\u00e1val, \u00e9tkez\u0151vel, zuhanyz\u00f3s f\u00fcrd\u0151szob\u00e1val \u00e9s padl\u00f3f\u0171t\u00e9ssel, valamint erk\u00e9llyel \u00e9s terasszal rendelkezik.<\/p>\n<p>Minden st\u00fadi\u00f3hoz garant\u00e1lt k\u00fclt\u00e9ri, fedetlen parkol\u00f3hely tartozik a l\u00e9tes\u00edtm\u00e9nyen bel\u00fcl. Az apartmanok keleti fekv\u00e9s\u0171ek, ami sok term\u00e9szetes f\u00e9nyt biztos\u00edt.<\/p>\n<p>Az apartmanok \u00e1ra 1100 eur\u00f3, a k\u00f6lts\u00e9gek benne vannak a b\u00e9rleti d\u00edjban. Van egy udvar is, ahol grillez\u00e9si lehet\u0151s\u00e9g van. A st\u00fadi\u00f3 egy f\u0151 sz\u00e1m\u00e1ra ide\u00e1lis.<\/p>\n<p>Tisztelt b\u00e9rl\u0151k, az Ingatlank\u00f6zvet\u00edt\u00e9sr\u0151l sz\u00f3l\u00f3 t\u00f6rv\u00e9ny \u00e9rtelm\u00e9ben az ingatlan megtekint\u00e9se csak a k\u00f6zvet\u00edt\u0151i szerz\u0151d\u00e9s al\u00e1\u00edr\u00e1s\u00e1val lehets\u00e9ges. E t\u00f6rv\u00e9ny \u00e9rtelm\u00e9ben b\u00e9rleti szerz\u0151d\u00e9s eset\u00e9n a b\u00e9rl\u0151 egy havi b\u00e9rleti d\u00edjnak megfelel\u0151 jutal\u00e9kot k\u00f6teles fizetni.<\/p>\n<p>AZONOS\u00cdT\u00d3 K\u00d3D: 2287<\/p>\n<p>Andrea De Matteo<br \/>\nEnged\u00e9lyezett \u00fcgyn\u00f6k<br \/>\nMobil: 095 331 1000<br \/>\nTelefon: 051 222 673<br \/>\nE-mail: andrea.dematteo@ardor-realestate.com<br \/>\nwww.ardor-realestate.com<\/p><\/div>","protected":false},"excerpt":{"rendered":"<p>Iznajmljuju se dva prekrasna studio apartmana povr\u0161ine 30 m\u00b2 smje\u0161tena u mirnom dijelu Kostrene, okru\u017een zelenilom. Apartmani su potpuno opremljeni i spremni za stanovanje, a dostupni su od 1. listopada 2024. do 1. lipnja 2025. Nalaze se u prizemlju i na prvom katu ku\u0107e i uklju\u010duju sve potrebne sadr\u017eaje za ugodan \u017eivot. Opremljeni su kuhinjom, [&hellip;]<\/p>","protected":false},"author":0,"featured_media":47137,"parent":0,"menu_order":0,"template":"","property_type":[201],"property_status":[254],"property_feature":[227,206,205],"property_label":[],"property_country":[104],"property_state":[725],"property_city":[256],"property_area":[199],"class_list":["post-47136","property","type-property","status-publish","has-post-thumbnail","hentry","property_type-stan-apartman","property_status-za-najam","property_feature-balkon","property_feature-namjesteno","property_feature-terasa","property_country-hrvatska","property_state-paveki","property_city-kostrena","property_area-primorsko-goranska-zupanija"],"property_meta":{"_thumbnail_id":["47137"],"fave_komunalije":["Voda","Struja","Gradski vodovod","Grijanje","Asfaltni put","Klima ure\u0111aj","Gradska kanalizacija",""],"fave_grijanje":["Sustav grijanja, klimatizacije i ventilacije",""],"fave_energetski-razred":["A",""],"fave_dozvole":["Gra\u0111evinska dozvola","Uporabna dozvola",""],"fave_parkirna-mjesta":["1",""],"fave_vrt":["Ro\u0161tilj",""],"fave_blizina-sadrzaja":["Park","Fitness","Sportski centar","Igrali\u0161te","Po\u0161ta","Banka","Vrti\u0107","Trgovina","\u0160kola","Javni prijevoz","Blizina mora",""],"fave_broj-etaza":["jednoeta\u017eni",""],"fave_tip-stana":["u ku\u0107i",""],"fave_property_id":["2287"],"fave_property_price":["800"],"fave_property_rooms":["1"],"fave_property_bedrooms":[""],"fave_property_bathrooms":["1"],"fave_property_size":["30.00"],"houzez_geolocation_long":["14.5110369"],"houzez_geolocation_lat":["45.2949552"],"fave_sprat":[""],"fave_lokacija":["Paveki, Kostrena"],"fave_wc":["1"],"fave_ukupno-katova":["1"],"fave_property_land_postfix":["m\u00b2"],"fave_property_size_prefix":["m\u00b2"],"fave_property_land":["0.00"],"fave_property_year":[""],"fave_tehnika":[""],"fave_property_images":["47138","47139","47140","47141","47142","47143","47144","15913","15913","15913","15913","15913","15913","15913","15913","15913","15913","15913","15913","15913","15913","15913","15913","15913","15913","15913","15913","15913","15913","15913","15913","15913","15913","15913","15913","15913","15913","15913","15913","15913","15913","15913","15913","15913","15913","15913","15913","15913","15913"],"fave_garaza":[""],"fave_natkriveno-parkirno-mjesto":[""],"fave_namjena":[""],"fave_pozicija":[""],"fave_tip-kuce":[""],"fave_tip-zemljista":[""],"fave_property_location":["45.2949552,14.5110369"],"fave_property_map":["1"],"fave_lokacija-2":["Paveki, Kostrena"],"fave_agent_display_option":["agent_info"],"fave_agents":["andrea.dematteo@ardor-realestate.com"],"_wp_page_template":["default"],"rank_math_internal_links_processed":["1"],"houzez_total_property_views":["295"],"houzez_views_by_date":["a:35:{s:10:\"03-19-2026\";i:7;s:10:\"03-20-2026\";i:14;s:10:\"03-21-2026\";i:4;s:10:\"03-22-2026\";i:16;s:10:\"03-23-2026\";i:8;s:10:\"03-24-2026\";i:7;s:10:\"03-25-2026\";i:1;s:10:\"03-26-2026\";i:17;s:10:\"03-27-2026\";i:7;s:10:\"03-28-2026\";i:9;s:10:\"03-30-2026\";i:7;s:10:\"03-31-2026\";i:14;s:10:\"04-01-2026\";i:7;s:10:\"04-02-2026\";i:10;s:10:\"04-03-2026\";i:8;s:10:\"04-05-2026\";i:15;s:10:\"04-07-2026\";i:8;s:10:\"04-08-2026\";i:9;s:10:\"04-10-2026\";i:7;s:10:\"04-11-2026\";i:7;s:10:\"04-12-2026\";i:9;s:10:\"04-14-2026\";i:7;s:10:\"04-16-2026\";i:1;s:10:\"04-17-2026\";i:16;s:10:\"04-18-2026\";i:10;s:10:\"04-21-2026\";i:7;s:10:\"04-22-2026\";i:3;s:10:\"04-23-2026\";i:12;s:10:\"04-24-2026\";i:8;s:10:\"04-25-2026\";i:9;s:10:\"04-26-2026\";i:7;s:10:\"04-27-2026\";i:7;s:10:\"04-28-2026\";i:1;s:10:\"04-29-2026\";i:9;s:10:\"04-30-2026\";i:7;}"],"houzez_recently_viewed":["2026-04-30 08:17:37"],"_elementor_page_assets":["a:0:{}"]},"_links":{"self":[{"href":"https:\/\/ardor-realestate.com\/hu\/wp-json\/wp\/v2\/properties\/47136","targetHints":{"allow":["GET"]}}],"collection":[{"href":"https:\/\/ardor-realestate.com\/hu\/wp-json\/wp\/v2\/properties"}],"about":[{"href":"https:\/\/ardor-realestate.com\/hu\/wp-json\/wp\/v2\/types\/property"}],"version-history":[{"count":0,"href":"https:\/\/ardor-realestate.com\/hu\/wp-json\/wp\/v2\/properties\/47136\/revisions"}],"wp:featuredmedia":[{"embeddable":true,"href":"https:\/\/ardor-realestate.com\/hu\/wp-json\/wp\/v2\/media\/47137"}],"wp:attachment":[{"href":"https:\/\/ardor-realestate.com\/hu\/wp-json\/wp\/v2\/media?parent=47136"}],"wp:term":[{"taxonomy":"property_type","embeddable":true,"href":"https:\/\/ardor-realestate.com\/hu\/wp-json\/wp\/v2\/property_type?post=47136"},{"taxonomy":"property_status","embeddable":true,"href":"https:\/\/ardor-realestate.com\/hu\/wp-json\/wp\/v2\/property_status?post=47136"},{"taxonomy":"property_feature","embeddable":true,"href":"https:\/\/ardor-realestate.com\/hu\/wp-json\/wp\/v2\/property_feature?post=47136"},{"taxonomy":"property_label","embeddable":true,"href":"https:\/\/ardor-realestate.com\/hu\/wp-json\/wp\/v2\/property_label?post=47136"},{"taxonomy":"property_country","embeddable":true,"href":"https:\/\/ardor-realestate.com\/hu\/wp-json\/wp\/v2\/property_country?post=47136"},{"taxonomy":"property_state","embeddable":true,"href":"https:\/\/ardor-realestate.com\/hu\/wp-json\/wp\/v2\/property_state?post=47136"},{"taxonomy":"property_city","embeddable":true,"href":"https:\/\/ardor-realestate.com\/hu\/wp-json\/wp\/v2\/property_city?post=47136"},{"taxonomy":"property_area","embeddable":true,"href":"https:\/\/ardor-realestate.com\/hu\/wp-json\/wp\/v2\/property_area?post=47136"}],"curies":[{"name":"munkaf\u00fczet","href":"https:\/\/api.w.org\/{rel}","templated":true}]}}