{"id":47077,"date":"2024-11-27T00:00:00","date_gmt":"2024-11-26T23:00:00","guid":{"rendered":"https:\/\/ardor-realestate.com\/nekretnina\/kostrena-najam-lijepi-stan-sa-balkonom-i-parkingom\/"},"modified":"2025-12-12T18:14:21","modified_gmt":"2025-12-12T17:14:21","slug":"kostrena-szep-kiado-lakas-erkellyel-es-parkoloval","status":"publish","type":"property","link":"https:\/\/ardor-realestate.com\/hu\/ingatlan\/kostrena-szep-kiado-lakas-erkellyel-es-parkoloval\/","title":{"rendered":"Kostrena kiad\u00f3, sz\u00e9p lak\u00e1s erk\u00e9llyel \u00e9s parkol\u00f3val"},"content":{"rendered":"<div id=\"hrvatski\">Kiad\u00f3 egy gy\u00f6ny\u00f6r\u0171, 55 m\u00b2-es k\u00e9tszob\u00e1s apartman Kostrena csendes, z\u00f6ld\u00f6vezeti r\u00e9sz\u00e9n. A lak\u00e1s teljesen b\u00fatorozott \u00e9s kiad\u00f3.<\/p>\n<p>A lak\u00e1s egy csal\u00e1di h\u00e1z els\u0151 emelet\u00e9n tal\u00e1lhat\u00f3, t\u00e1gas nappalib\u00f3l (amely tov\u00e1bbi szob\u00e1v\u00e1 alak\u00edthat\u00f3), konyh\u00e1b\u00f3l \u00e9tkez\u0151vel, h\u00e1l\u00f3szob\u00e1b\u00f3l, padl\u00f3f\u0171t\u00e9ses f\u00fcrd\u0151szob\u00e1b\u00f3l, erk\u00e9lyb\u0151l \u00e9s teraszb\u00f3l \u00e1ll.<\/p>\n<p>A lak\u00e1s minden sz\u00fcks\u00e9ges h\u00e1ztart\u00e1si g\u00e9ppel fel van szerelve, bele\u00e9rtve a mosogat\u00f3g\u00e9pet is, valamint teljes k\u00f6r\u0171 h\u00e1ztart\u00e1si cikkek, p\u00e9ld\u00e1ul ed\u00e9nyek \u00e9s \u00e1gynem\u0171k is rendelkez\u00e9sre \u00e1llnak. Az \u00e9p\u00fcleten bel\u00fcl egy fedetlen k\u00fclt\u00e9ri parkol\u00f3hely \u00e1ll rendelkez\u00e9sre.<\/p>\n<p>A lak\u00e1s d\u00e9li fekv\u00e9se rengeteg term\u00e9szetes f\u00e9nyt biztos\u00edt, a f\u0171t\u00e9s, a l\u00e9gkondicion\u00e1l\u00f3 \u00e9s a szell\u0151z\u0151rendszer pedig tov\u00e1bbi k\u00e9nyelmet biztos\u00edt. Az \u00e9p\u00fclethez udvar is tartozik, ahol grillez\u00e9si lehet\u0151s\u00e9g is rendelkez\u00e9sre \u00e1ll. A rezsi benne van a b\u00e9rleti d\u00edjban.<\/p>\n<p>Tisztelt b\u00e9rl\u0151k, az ingatlank\u00f6zvet\u00edt\u0151i t\u00f6rv\u00e9ny \u00e9rtelm\u00e9ben az ingatlan megtekint\u00e9s\u00e9re csak a k\u00f6zvet\u00edt\u0151i szerz\u0151d\u00e9s al\u00e1\u00edr\u00e1sa ut\u00e1n van lehet\u0151s\u00e9g. Ugyanez szerint a b\u00e9rl\u0151 b\u00e9rbead\u00e1s eset\u00e9n egy havi b\u00e9rleti d\u00edj \u00f6sszeg\u0171 \u00fcgyn\u00f6ki jutal\u00e9kot k\u00f6teles fizetni.<\/p>\n<p>\u00dcGYN\u00d6KS\u00c9G AZONOS\u00cdT\u00d3 K\u00d3DJA: 2286<\/p>\n<p>Andrea De Matteo<br \/>\nEnged\u00e9lyezett \u00fcgyn\u00f6k<br \/>\nMobil: 095 331 1000<br \/>\nTelefon: 051 222 673<br \/>\nE-mail: andrea.dematteo@ardor-realestate.com<br \/>\nwww.ardor-realestate.com<\/p><\/div>\n<div id=\"engleski\">Kostrena csendes, z\u00f6ld\u00f6vezeti r\u00e9sz\u00e9n kiad\u00f3 egy gy\u00f6ny\u00f6r\u0171, 55 m\u00b2-es k\u00e9tszob\u00e1s apartman. A lak\u00e1s teljesen b\u00fatorozott \u00e9s kiad\u00f3.<\/p>\n<p>A lak\u00e1s egy csal\u00e1di h\u00e1z els\u0151 emelet\u00e9n tal\u00e1lhat\u00f3, \u00e9s egy t\u00e1gas nappalib\u00f3l (amely tov\u00e1bbi szob\u00e1v\u00e1 alak\u00edthat\u00f3), egy konyh\u00e1b\u00f3l \u00e9tkez\u0151vel, egy h\u00e1l\u00f3szob\u00e1b\u00f3l, padl\u00f3f\u0171t\u00e9ses f\u00fcrd\u0151szob\u00e1b\u00f3l, erk\u00e9lyb\u0151l \u00e9s teraszb\u00f3l \u00e1ll.<\/p>\n<p>A lak\u00e1s minden sz\u00fcks\u00e9ges h\u00e1ztart\u00e1si g\u00e9ppel felszerelt, bele\u00e9rtve a mosogat\u00f3g\u00e9pet is, valamint teljes k\u00f6r\u0171 h\u00e1ztart\u00e1si cikkekkel, p\u00e9ld\u00e1ul ed\u00e9nyekkel \u00e9s \u00e1gynem\u0171vel rendelkezik. Egy k\u00fclt\u00e9ri, fedetlen parkol\u00f3hely \u00e1ll rendelkez\u00e9sre az ingatlanon bel\u00fcl.<\/p>\n<p>A lak\u00e1s d\u00e9li fekv\u00e9s\u0171, \u00edgy rengeteg term\u00e9szetes f\u00e9nyt biztos\u00edt, a f\u0171t\u00e9s, a l\u00e9gkondicion\u00e1l\u00f3 \u00e9s a szell\u0151z\u0151rendszer pedig tov\u00e1bbi k\u00e9nyelmet biztos\u00edt. Az ingatlanhoz tartozik egy udvar is grillez\u0151hellyel. A rezsi benne van a b\u00e9rleti d\u00edjban.<\/p>\n<p>Dear tenants, in accordance with the Real Estate Brokerage Act, property viewings are only possible with the signing of a Brokerage Agreement. According to this, the tenant is obligated to pay an agency commission in the amount of one month&#8217;s rent in case of renting.<\/p>\n<p>AZONOS\u00cdT\u00d3 K\u00d3D: 2286<\/p>\n<p>Andrea De Matteo<br \/>\nEnged\u00e9lyezett \u00fcgyn\u00f6k<br \/>\nMobil: 095 331 1000<br \/>\nTelefon: 051 222 673<br \/>\nE-mail: andrea.dematteo@ardor-realestate.com<br \/>\nwww.ardor-realestate.com<\/p><\/div>\n<div id=\"italijanski\">Si affitta un bellissimo appartamento bilocale di 55 m\u00b2 situato in una zona tranquilla di Kostrena, circondato dal verde. L&#8217;appartamento \u00e8 completamente arredato e disponibile per l&#8217;affitto.<\/p>\n<p>L&#8217;appartamento si trova al primo piano di una casa familiare ed \u00e8 composto da un ampio soggiorno (con possibilit\u00e0 di trasformarlo in una stanza aggiuntiva), una cucina con zona pranzo, una camera da letto, un bagno con riscaldamento a pavimento, un balcone e una terrazza.<\/p>\n<p>L&#8217;appartamento \u00e8 dotato di tutti gli elettrodomestici necessari, inclusa una lavastoviglie, e dispone di un set completo di articoli per la casa come stoviglie e biancheria da letto. \u00c8 incluso un posto auto scoperto all&#8217;interno della propriet\u00e0.<\/p>\n<p>L&#8217;appartamento \u00e8 esposto a sud, garantendo molta luce naturale, e il comfort aggiuntivo \u00e8 offerto dal sistema di riscaldamento, climatizzazione e ventilazione. La propriet\u00e0 comprende anche un cortile con area barbecue. Le spese sono incluse nel canone di affitto.<\/p>\n<p>Gentili inquilini, in conformit\u00e0 con la Legge sulla mediazione immobiliare, le visite alla propriet\u00e0 sono possibili esclusivamente previa firma di un Accordo di Mediazione. Secondo questa legge, l&#8217;inquilino \u00e8 tenuto a pagare una commissione all&#8217;agenzia pari a una mensilit\u00e0 in caso di affitto.<\/p>\n<p>AZONOS\u00cdT\u00d3 K\u00d3D: 2286<\/p>\n<p>Andrea De Matteo<br \/>\nEnged\u00e9lyezett \u00fcgyn\u00f6k<br \/>\nMobil: 095 331 1000<br \/>\nTelefon: 051 222 673<br \/>\nE-mail: andrea.dematteo@ardor-realestate.com<br \/>\nwww.ardor-realestate.com<\/p><\/div>\n<div id=\"nemacki\">Eine wundersch\u00f6ne Zweizimmerwohnung mit 55 m\u00b2 steht in einer ruhigen Gegend von Kostrena, umgeben von Gr\u00fcnfl\u00e4chen, zur Vermietung. Die Wohnung ist vollstellung m\u00f6bliert und bezugsfertig.<\/p>\n<p>Die Wohnung befindet sich im ersten Stock eines Einfamilienhaus und besteht aus einem ger\u00e4miengen Wohnzimmer (mit der M\u00f6glichkeit, es in ein auszeitunges Zimmer umzuwandeln), einer K\u00fcche mit Essbereich, einem Schlafzimmer, einem Badezimmerhe mit Future.<\/p>\n<p>Die Wohnung ist mit allen notwendigen Ger\u00e4ten, bele\u00e9rtve einer Geschirrsp\u00fclmaschine, ausgestattt und verf\u00fcgt \u00fcber ein kompletes Set an Haushaltsgegenst\u00e4nden wie Geschirr und Bedtuchen. Ein Au\u00dfenparkplatz ist auf dem Grundst\u00fcck vorhanden.<\/p>\n<p>Die s\u00fcdliche Ausrichtenung der Wohnung sorgt f\u00fcr viel Tageslicht, und gesellschaften Komfort bietet das Heizungs-, Klimaanlan- und Bel\u00fcftungssystem. Auf dem Grundst\u00fcck gibt es auch einen Hof mit Grillm\u00f6glichkeit. Die Nebenkosten sind im Mietpreis enthalten.<\/p>\n<p>Liebe Mieter, gem\u00e4\u00df dem Gesetz \u00fcber Immobilienvermittlung sind Besichtigungen der Immobilie nur nach Unterzeichnung eines Vermittlungsvertrags m\u00f6glich. Laut Gesetz ist der Mieter vermichtet, im Falle einer Anmietung eine Agenturprovision in H\u00f6he einer Monatsmiete zu zahlen.<\/p>\n<p>AZONOS\u00cdT\u00d3 K\u00d3D: 2286<\/p>\n<p>Andrea De Matteo<br \/>\nEnged\u00e9lyezett \u00fcgyn\u00f6k<br \/>\nMobil: 095 331 1000<br \/>\nTelefon: 051 222 673<br \/>\nE-mail: andrea.dematteo@ardor-realestate.com<br \/>\nwww.ardor-realestate.com<\/p><\/div>\n<div id=\"slovenacki\">Kostrena csendes, z\u00f6ld\u00f6vezeti r\u00e9sz\u00e9n kiad\u00f3 egy gy\u00f6ny\u00f6r\u0171, 55 m\u00b2-es k\u00e9tszob\u00e1s apartman. A lak\u00e1s teljesen felszerelt \u00e9s azonnal kiad\u00f3.<\/p>\n<p>A lak\u00e1s egy csal\u00e1di h\u00e1z els\u0151 emelet\u00e9n tal\u00e1lhat\u00f3, \u00e9s egy t\u00e1gas nappalit (amely tov\u00e1bbi szob\u00e1v\u00e1 alak\u00edthat\u00f3), egy konyh\u00e1t \u00e9tkez\u0151vel, egy h\u00e1l\u00f3szob\u00e1t, padl\u00f3f\u0171t\u00e9ses f\u00fcrd\u0151szob\u00e1t, erk\u00e9lyt \u00e9s teraszt foglal mag\u00e1ban.<\/p>\n<p>A lak\u00e1s minden sz\u00fcks\u00e9ges k\u00e9sz\u00fcl\u00e9kkel fel van szerelve, bele\u00e9rtve a mosogat\u00f3g\u00e9pet is, valamint teljes k\u00f6r\u0171 h\u00e1ztart\u00e1si cikkeket, p\u00e9ld\u00e1ul ed\u00e9nyeket \u00e9s \u00e1gynem\u0171t. Egy k\u00fclt\u00e9ri parkol\u00f3hely \u00e1ll rendelkez\u00e9sre az \u00e9p\u00fcleten bel\u00fcl.<\/p>\n<p>A lak\u00e1s d\u00e9li fekv\u00e9s\u0171, ami rengeteg term\u00e9szetes f\u00e9nyt biztos\u00edt. Tov\u00e1bbi k\u00e9nyelmet biztos\u00edt a f\u0171t\u00e9s, a l\u00e9gkondicion\u00e1l\u00f3 \u00e9s a szell\u0151z\u0151rendszer. Van egy udvar is, ahol grillez\u00e9si lehet\u0151s\u00e9g is van. A k\u00f6lts\u00e9gek benne vannak a b\u00e9rleti d\u00edjban.<\/p>\n<p>Tisztelt b\u00e9rl\u0151k, az Ingatlank\u00f6zvet\u00edt\u00e9si t\u00f6rv\u00e9ny \u00e9rtelm\u00e9ben az ingatlan megtekint\u00e9se csak a k\u00f6zvet\u00edt\u0151i szerz\u0151d\u00e9s al\u00e1\u00edr\u00e1s\u00e1val lehets\u00e9ges. A t\u00f6rv\u00e9nynek megfelel\u0151en a b\u00e9rl\u0151 b\u00e9rleti szerz\u0151d\u00e9s eset\u00e9n egy havi b\u00e9rleti d\u00edjnak megfelel\u0151 k\u00f6zvet\u00edt\u0151i jutal\u00e9kot k\u00f6teles fizetni.<\/p>\n<p>AZONOS\u00cdT\u00d3 K\u00d3D: 2286<\/p>\n<p>Andrea De Matteo<br \/>\nEnged\u00e9lyezett \u00fcgyn\u00f6k<br \/>\nMobil: 095 331 1000<br \/>\nTelefon: 051 222 673<br \/>\nE-mail: andrea.dematteo@ardor-realestate.com<br \/>\nwww.ardor-realestate.com<\/p><\/div>","protected":false},"excerpt":{"rendered":"<p>Iznajmljuje se prekrasan dvosoban stan povr\u0161ine 55 m\u00b2 smje\u0161ten u mirnom dijelu Kostrene, okru\u017een zelenilom. Stan je potpuno namje\u0161ten i dostupan za najam. Stan se nalazi na prvom katu obiteljske ku\u0107e i sastoji se od prostrane dnevne sobe (s mogu\u0107no\u0161\u0107u preure\u0111enja u dodatnu sobu), kuhinje s blagovaonicom, spava\u0107e sobe, kupaonice s podnim grijanjem, balkona i [&hellip;]<\/p>","protected":false},"author":0,"featured_media":47078,"parent":0,"menu_order":0,"template":"","property_type":[201],"property_status":[254],"property_feature":[227,206,209,205],"property_label":[],"property_country":[104],"property_state":[725],"property_city":[256],"property_area":[199],"class_list":["post-47077","property","type-property","status-publish","has-post-thumbnail","hentry","property_type-stan-apartman","property_status-za-najam","property_feature-balkon","property_feature-namjesteno","property_feature-novogradnja","property_feature-terasa","property_country-hrvatska","property_state-paveki","property_city-kostrena","property_area-primorsko-goranska-zupanija"],"property_meta":{"_thumbnail_id":["47078"],"fave_komunalije":["Voda","Struja","Gradski vodovod","Grijanje","Asfaltni put","Klima ure\u0111aj","Gradska kanalizacija",""],"fave_grijanje":["Sustav grijanja, klimatizacije i ventilacije",""],"fave_energetski-razred":["A",""],"fave_dozvole":["Gra\u0111evinska dozvola","Uporabna dozvola",""],"fave_tehnika":["Internet",""],"fave_parkirna-mjesta":["1",""],"fave_vrt":["Vrt","Ro\u0161tilj",""],"fave_blizina-sadrzaja":["Park","Fitness","Sportski centar","Igrali\u0161te","Po\u0161ta","Banka","Vrti\u0107","Trgovina","\u0160kola","Javni prijevoz","Blizina mora",""],"fave_broj-etaza":["jednoeta\u017eni",""],"fave_property_id":["2286"],"fave_property_price":["1100"],"fave_property_rooms":["2"],"fave_property_bedrooms":["1"],"fave_property_bathrooms":["1"],"fave_property_size":["55.00"],"houzez_geolocation_long":["14.5110369"],"houzez_geolocation_lat":["45.2949552"],"fave_sprat":["Prizemlje"],"fave_lokacija":["Paveki, Kostrena"],"fave_wc":["1"],"fave_ukupno-katova":["1"],"fave_property_land_postfix":["m\u00b2"],"fave_property_size_prefix":["m\u00b2"],"fave_property_land":["0.00"],"fave_property_year":[""],"fave_property_images":["47079","47080","47081","47082","47083","47084","15913","15913","15913","15913","15913","15913","15913","15913","15913","15913","15913","15913","15913","15913","15913","15913","15913","15913","15913","15913","15913","15913","15913","15913","15913","15913","15913","15913","15913","15913","15913","15913","15913","15913","15913","15913","15913","15913","15913","15913","15913","15913","15913"],"fave_garaza":[""],"fave_natkriveno-parkirno-mjesto":[""],"fave_namjena":[""],"fave_pozicija":[""],"fave_tip-kuce":[""],"fave_tip-stana":[""],"fave_tip-zemljista":[""],"fave_property_location":["45.2949552,14.5110369"],"fave_property_map":["1"],"fave_lokacija-2":["Paveki, Kostrena"],"fave_agent_display_option":["agent_info"],"fave_agents":["andrea.dematteo@ardor-realestate.com"],"_wp_page_template":["default"],"rank_math_internal_links_processed":["1"],"houzez_total_property_views":["904"],"houzez_views_by_date":["a:61:{s:10:\"02-16-2026\";i:8;s:10:\"02-17-2026\";i:3;s:10:\"02-18-2026\";i:7;s:10:\"02-19-2026\";i:10;s:10:\"02-20-2026\";i:1;s:10:\"02-21-2026\";i:7;s:10:\"02-22-2026\";i:7;s:10:\"02-23-2026\";i:16;s:10:\"02-24-2026\";i:10;s:10:\"02-26-2026\";i:7;s:10:\"02-27-2026\";i:7;s:10:\"02-28-2026\";i:9;s:10:\"03-01-2026\";i:16;s:10:\"03-02-2026\";i:3;s:10:\"03-03-2026\";i:6;s:10:\"03-04-2026\";i:10;s:10:\"03-05-2026\";i:2;s:10:\"03-06-2026\";i:2;s:10:\"03-07-2026\";i:2;s:10:\"03-09-2026\";i:10;s:10:\"03-10-2026\";i:6;s:10:\"03-11-2026\";i:12;s:10:\"03-12-2026\";i:1;s:10:\"03-13-2026\";i:2;s:10:\"03-14-2026\";i:8;s:10:\"03-15-2026\";i:7;s:10:\"03-16-2026\";i:9;s:10:\"03-17-2026\";i:8;s:10:\"03-18-2026\";i:2;s:10:\"03-19-2026\";i:15;s:10:\"03-20-2026\";i:1;s:10:\"03-23-2026\";i:9;s:10:\"03-24-2026\";i:9;s:10:\"03-25-2026\";i:8;s:10:\"03-26-2026\";i:1;s:10:\"03-27-2026\";i:14;s:10:\"03-31-2026\";i:14;s:10:\"04-01-2026\";i:9;s:10:\"04-02-2026\";i:11;s:10:\"04-03-2026\";i:1;s:10:\"04-06-2026\";i:8;s:10:\"04-08-2026\";i:10;s:10:\"04-09-2026\";i:14;s:10:\"04-10-2026\";i:1;s:10:\"04-11-2026\";i:8;s:10:\"04-12-2026\";i:1;s:10:\"04-13-2026\";i:8;s:10:\"04-14-2026\";i:7;s:10:\"04-16-2026\";i:1;s:10:\"04-17-2026\";i:15;s:10:\"04-18-2026\";i:1;s:10:\"04-19-2026\";i:7;s:10:\"04-20-2026\";i:7;s:10:\"04-22-2026\";i:3;s:10:\"04-23-2026\";i:8;s:10:\"04-24-2026\";i:1;s:10:\"04-25-2026\";i:16;s:10:\"04-27-2026\";i:8;s:10:\"04-28-2026\";i:8;s:10:\"04-29-2026\";i:9;s:10:\"04-30-2026\";i:6;}"],"houzez_recently_viewed":["2026-04-30 07:16:17"],"_elementor_page_assets":["a:0:{}"]},"_links":{"self":[{"href":"https:\/\/ardor-realestate.com\/hu\/wp-json\/wp\/v2\/properties\/47077","targetHints":{"allow":["GET"]}}],"collection":[{"href":"https:\/\/ardor-realestate.com\/hu\/wp-json\/wp\/v2\/properties"}],"about":[{"href":"https:\/\/ardor-realestate.com\/hu\/wp-json\/wp\/v2\/types\/property"}],"version-history":[{"count":0,"href":"https:\/\/ardor-realestate.com\/hu\/wp-json\/wp\/v2\/properties\/47077\/revisions"}],"wp:featuredmedia":[{"embeddable":true,"href":"https:\/\/ardor-realestate.com\/hu\/wp-json\/wp\/v2\/media\/47078"}],"wp:attachment":[{"href":"https:\/\/ardor-realestate.com\/hu\/wp-json\/wp\/v2\/media?parent=47077"}],"wp:term":[{"taxonomy":"property_type","embeddable":true,"href":"https:\/\/ardor-realestate.com\/hu\/wp-json\/wp\/v2\/property_type?post=47077"},{"taxonomy":"property_status","embeddable":true,"href":"https:\/\/ardor-realestate.com\/hu\/wp-json\/wp\/v2\/property_status?post=47077"},{"taxonomy":"property_feature","embeddable":true,"href":"https:\/\/ardor-realestate.com\/hu\/wp-json\/wp\/v2\/property_feature?post=47077"},{"taxonomy":"property_label","embeddable":true,"href":"https:\/\/ardor-realestate.com\/hu\/wp-json\/wp\/v2\/property_label?post=47077"},{"taxonomy":"property_country","embeddable":true,"href":"https:\/\/ardor-realestate.com\/hu\/wp-json\/wp\/v2\/property_country?post=47077"},{"taxonomy":"property_state","embeddable":true,"href":"https:\/\/ardor-realestate.com\/hu\/wp-json\/wp\/v2\/property_state?post=47077"},{"taxonomy":"property_city","embeddable":true,"href":"https:\/\/ardor-realestate.com\/hu\/wp-json\/wp\/v2\/property_city?post=47077"},{"taxonomy":"property_area","embeddable":true,"href":"https:\/\/ardor-realestate.com\/hu\/wp-json\/wp\/v2\/property_area?post=47077"}],"curies":[{"name":"munkaf\u00fczet","href":"https:\/\/api.w.org\/{rel}","templated":true}]}}