{"id":40126,"date":"2024-11-22T00:00:00","date_gmt":"2024-11-21T23:00:00","guid":{"rendered":"https:\/\/ardor-realestate.com\/nekretnina\/kostrena-stan-za-najam-sa-3-spavace-sobe\/"},"modified":"2026-04-02T08:55:43","modified_gmt":"2026-04-02T06:55:43","slug":"kostrenaban-kiado-3-haloszobas-apartman","status":"publish","type":"property","link":"https:\/\/ardor-realestate.com\/hu\/ingatlan\/kostrenaban-kiado-3-haloszobas-apartman\/","title":{"rendered":"Kostrena, kiad\u00f3 lak\u00e1s 3 h\u00e1l\u00f3szob\u00e1val"},"content":{"rendered":"<div id=\"hrvatski\">Kostren\u00e1ban kiad\u00f3 egy 85 m\u00b2-es, h\u00e1romszob\u00e1s lak\u00e1s. Egy n\u00e9gyemeletes lak\u00f3h\u00e1z m\u00e1sodik emelet\u00e9n tal\u00e1lhat\u00f3, kiv\u00e1l\u00f3 k\u00e9nyelmet \u00e9s \u00e9letmin\u0151s\u00e9get k\u00edn\u00e1l, \u00e9s hossz\u00fa t\u00e1vra b\u00e9relhet\u0151.<\/p>\n<p>A lak\u00e1s egy el\u0151szob\u00e1b\u00f3l, egy nappalib\u00f3l (konyha, \u00e9tkez\u0151 \u00e9s nappali), h\u00e1rom h\u00e1l\u00f3szob\u00e1b\u00f3l, egy f\u00fcrd\u0151szob\u00e1b\u00f3l, egy k\u00fcl\u00f6n WC-b\u0151l \u00e9s egy t\u00e1gas, 6 m\u00b2-es erk\u00e9lyb\u0151l \u00e1ll, gy\u00f6ny\u00f6r\u0171 kil\u00e1t\u00e1ssal.<\/p>\n<p>Min\u0151s\u00e9gi b\u00fatorokkal \u00e9s g\u00e9pekkel van felszerelve, bele\u00e9rtve a mosogat\u00f3g\u00e9pet, g\u00e1z k\u00f6zponti f\u0171t\u00e9st, l\u00e9gkondicion\u00e1l\u00f3t \u00e9s biztons\u00e1gi ajt\u00f3kat. A f\u0171t\u00e9s g\u00e1z k\u00f6zponti, a lak\u00e1s d\u00e9li fekv\u00e9s\u0171, ami rengeteg term\u00e9szetes f\u00e9nyt biztos\u00edt.<\/p>\n<p>Tisztelt b\u00e9rl\u0151k, az ingatlank\u00f6zvet\u00edt\u0151i t\u00f6rv\u00e9ny \u00e9rtelm\u00e9ben az ingatlan megtekint\u00e9s\u00e9re csak a k\u00f6zvet\u00edt\u0151i szerz\u0151d\u00e9s al\u00e1\u00edr\u00e1sa ut\u00e1n van lehet\u0151s\u00e9g. Ugyanez szerint a b\u00e9rl\u0151 b\u00e9rbead\u00e1s eset\u00e9n egy havi b\u00e9rleti d\u00edj \u00f6sszeg\u0171 \u00fcgyn\u00f6ki jutal\u00e9kot k\u00f6teles fizetni.<\/p>\n<p>\u00dcGYN\u00d6KS\u00c9G AZONOS\u00cdT\u00d3 K\u00d3DJA: 2277<\/p>\n<p>Andrea De Matteo<br \/>\nEnged\u00e9lyezett \u00fcgyn\u00f6k<br \/>\nMobil: 095 331 1000<br \/>\nTelefon: 051 222 673<br \/>\nE-mail: andrea.dematteo@ardor-realestate.com<br \/>\nwww.ardor-realestate.com<\/p><\/div>\n<div id=\"engleski\">Kostren\u00e1ban kiad\u00f3 egy 85 m\u00b2-es, 3 h\u00e1l\u00f3szob\u00e1s lak\u00e1s. Egy n\u00e9gyemeletes lak\u00f3h\u00e1z m\u00e1sodik emelet\u00e9n tal\u00e1lhat\u00f3, kiv\u00e1l\u00f3 k\u00e9nyelmet \u00e9s \u00e9letmin\u0151s\u00e9get k\u00edn\u00e1l, \u00e9s hossz\u00fa t\u00e1vra b\u00e9relhet\u0151.<\/p>\n<p>A lak\u00e1s el\u0151szob\u00e1b\u00f3l, egy nappalib\u00f3l, \u00e9tkez\u0151b\u0151l \u00e9s konyh\u00e1b\u00f3l \u00e1ll\u00f3 nappalib\u00f3l, h\u00e1rom h\u00e1l\u00f3szob\u00e1b\u00f3l, f\u00fcrd\u0151szob\u00e1b\u00f3l, k\u00fcl\u00f6n WC-b\u0151l \u00e9s egy t\u00e1gas, 6 m\u00b2-es erk\u00e9lyb\u0151l \u00e1ll, gy\u00f6ny\u00f6r\u0171 kil\u00e1t\u00e1ssal.<\/p>\n<p>Kiv\u00e1l\u00f3 min\u0151s\u00e9g\u0171 b\u00fatorokkal \u00e9s g\u00e9pekkel van felszerelve, bele\u00e9rtve a mosogat\u00f3g\u00e9pet, a g\u00e1zf\u0171t\u00e9st, a l\u00e9gkondicion\u00e1l\u00f3t \u00e9s a bet\u00f6r\u00e9sg\u00e1tl\u00f3 ajt\u00f3kat. A f\u0171t\u00e9s g\u00e1zk\u00f6zponti, a lak\u00e1s pedig d\u00e9li fekv\u00e9s\u0171, \u00edgy rengeteg term\u00e9szetes f\u00e9nyt biztos\u00edt.<\/p>\n<p>Dear tenants, in accordance with the Real Estate Mediation Act, property viewings are possible only with the signing of a Mediation Agreement. As per this law, the tenant is obligated to pay the agency&#8217;s commission in the amount of one month&#8217;s rent in the event of renting.<\/p>\n<p>AZONOS\u00cdT\u00d3 K\u00d3D: 2277<\/p>\n<p>Andrea De Matteo<br \/>\nEnged\u00e9lyezett \u00fcgyn\u00f6k<br \/>\nMobil: 095 331 1000<br \/>\nTelefon: 051 222 673<br \/>\nE-mail: andrea.dematteo@ardor-realestate.com<br \/>\nwww.ardor-realestate.com<\/p><\/div>\n<div id=\"italijanski\">Appartamento trilocale di 85 m\u00b2 in affitto a Kostrena. Situato al secondo piano di un edificio residenziale di quattro piani, l&#8217;appartamento offre un comfort eccellente e una qualit\u00e0 della vita superiore, ed \u00e8 disponibile per affitti a lungo termine.<\/p>\n<p>L&#8217;appartamento \u00e8 composto da un ingresso, una zona giorno che unisce cucina, sala da pranzo e soggiorno, tre camere da letto, un bagno, un WC separato e un ampio balcone di 6 m\u00b2 con una vista splendida.<\/p>\n<p>\u00c8 arredato con mobili e apparecchiature di alta qualit\u00e0, tra cui lavastoviglie, riscaldamento a gas, aria condizionata e porte blindate. Il riscaldamento \u00e8 centralizzato a gas, mentre l&#8217;appartamento \u00e8 orientato a sud, garantendo abbondante luce naturale.<\/p>\n<p>Cari inquilini, in conformit\u00e0 con la Legge sulla mediazione immobiliare, le visite dell&#8217;immobile sono possibili solo con la firma di un Contratto di Mediazione. Secondo la legge, l&#8217;inquilino \u00e8 obbligato a pagare la commissione dell&#8217;agenzia pari a un mese di affitto in caso di locazione.<\/p>\n<p>AZONOS\u00cdT\u00d3 K\u00d3D: 2277<\/p>\n<p>Andrea De Matteo<br \/>\nEnged\u00e9lyezett \u00fcgyn\u00f6k<br \/>\nMobil: 095 331 1000<br \/>\nTelefon: 051 222 673<br \/>\nE-mail: andrea.dematteo@ardor-realestate.com<br \/>\nwww.ardor-realestate.com<\/p><\/div>\n<div id=\"nemacki\">Eine 3-Zimmer-Wohnung mit 85 m\u00b2 Wird in Kostrena zur Miete angeboten. Die Wohnung befindet sich im zweiten Stock eines vierst\u00f6ckigen Wohngeb\u00e4udes und bietet hohen Komfort und Lebensqualit\u00e4t und steht zur longtermisten Miete zur Verf\u00fcgung.<\/p>\n<p>Die Wohnung besteht aus einem Flur, einem Wohnbereich, der K\u00fcche, Esszimmer und Wohnzimmer vereint, drei Schlafzimmern, einem Badezimmer, einem separaten WC und einem ger\u00e4miengen Balkon von 6 m\u00b2 mit wundersch\u00f6nem Ausblick.<\/p>\n<p>Sie ist mit kiv\u00e1l\u00f3 min\u0151s\u00e9g\u0171 b\u00fatorok \u00e9s felszerel\u00e9sek, incl. Die Heizung ist gasbetrieben und die Wohnung ist nach S\u00fcden ausz\u00e4tt, was f\u00fcr viel Tageslicht sorgt.<\/p>\n<p>Sehr geehrte Mieter, gem\u00e4\u00df dem Gesetz \u00fcber die Immobilienvermittlung ist eine Besichtigung der Immobilie nur nach Unterzeichnung eines Vermittlungsvertrages m\u00f6glich. Laut diesem Gesetz ist der Mieter vermichtet, die Maklerprovision in H\u00f6he einer Monatsmiete bei der Anmietung zu zahlen.<\/p>\n<p>AZONOS\u00cdT\u00d3 K\u00d3D: 2277<\/p>\n<p>Andrea De Matteo<br \/>\nEnged\u00e9lyezett \u00fcgyn\u00f6k<br \/>\nMobil: 095 331 1000<br \/>\nTelefon: 051 222 673<br \/>\nE-mail: andrea.dematteo@ardor-realestate.com<br \/>\nwww.ardor-realestate.com<\/p><\/div>\n<div id=\"slovenacki\">Kostreniben kiad\u00f3 egy 85 m\u00b2-es h\u00e1romszob\u00e1s lak\u00e1s. Egy n\u00e9gyemeletes lak\u00f3h\u00e1z m\u00e1sodik emelet\u00e9n tal\u00e1lhat\u00f3, kiv\u00e1l\u00f3 k\u00e9nyelmet \u00e9s \u00e9letmin\u0151s\u00e9get k\u00edn\u00e1l, \u00e9s hossz\u00fa t\u00e1vra b\u00e9rbe adhat\u00f3.<\/p>\n<p>A lak\u00e1s egy el\u0151szob\u00e1b\u00f3l, egy nappalib\u00f3l (amely \u00f6sszek\u00f6ti a konyh\u00e1t, \u00e9tkez\u0151t \u00e9s a nappalit), h\u00e1rom h\u00e1l\u00f3szob\u00e1b\u00f3l, egy f\u00fcrd\u0151szob\u00e1b\u00f3l, k\u00fcl\u00f6n\u00e1ll\u00f3 vizesblokkb\u00f3l \u00e9s egy t\u00e1gas, 6 m\u00b2-es erk\u00e9lyb\u0151l \u00e1ll, ahonnan csod\u00e1latos kil\u00e1t\u00e1s ny\u00edlik.<\/p>\n<p>Kiv\u00e1l\u00f3 min\u0151s\u00e9g\u0171 b\u00fatorokkal \u00e9s g\u00e9pekkel van felszerelve, bele\u00e9rtve a mosogat\u00f3g\u00e9pet, padl\u00f3f\u0171t\u00e9st g\u00e1zzal, l\u00e9gkondicion\u00e1l\u00f3t \u00e9s t\u0171zg\u00e1tl\u00f3 ajt\u00f3kat. A f\u0171t\u00e9s g\u00e1zt\u00fczel\u00e9s\u0171, a h\u00e1z d\u00e9li fekv\u00e9s\u0171, ami rengeteg term\u00e9szetes f\u00e9nyt biztos\u00edt.<\/p>\n<p>Tisztelt b\u00e9rl\u0151k, az Ingatlank\u00f6zvet\u00edt\u00e9sr\u0151l sz\u00f3l\u00f3 t\u00f6rv\u00e9ny \u00e9rtelm\u00e9ben az ingatlan megtekint\u00e9se csak a k\u00f6zvet\u00edt\u0151i szerz\u0151d\u00e9s al\u00e1\u00edr\u00e1sa ut\u00e1n lehets\u00e9ges. E t\u00f6rv\u00e9ny \u00e9rtelm\u00e9ben a b\u00e9rl\u0151 b\u00e9rleti szerz\u0151d\u00e9s eset\u00e9n egy havi b\u00e9rleti d\u00edjnak megfelel\u0151 k\u00f6zvet\u00edt\u0151i jutal\u00e9kot k\u00f6teles fizetni.<\/p>\n<p>AZONOS\u00cdT\u00d3 K\u00d3D: 2277<\/p>\n<p>Andrea De Matteo<br \/>\nEnged\u00e9lyezett \u00fcgyn\u00f6k<br \/>\nMobil: 095 331 1000<br \/>\nTelefon: 051 222 673<br \/>\nE-mail: andrea.dematteo@ardor-realestate.com<br \/>\nwww.ardor-realestate.com<\/p><\/div>","protected":false},"excerpt":{"rendered":"<p>Iznajmljuje se trosobni stan povr\u0161ine 85 m\u00b2 u Kostreni. Smje\u0161ten na drugom katu stambene zgrade s \u010detiri kata, stan pru\u017ea vrhunsku udobnost i kvalitetu \u017eivota te je dostupan za dugoro\u010dni najam. Stan se sastoji od hodnika, dnevnog dijela koji objedinjuje kuhinju, blagovaonicu i boravak, tri spava\u0107e sobe, kupaonice, odvojenog sanitarnog \u010dvora te prostranog balkona povr\u0161ine [&hellip;]<\/p>","protected":false},"author":0,"featured_media":40127,"parent":0,"menu_order":0,"template":"","property_type":[201],"property_status":[254],"property_feature":[227,238],"property_label":[],"property_country":[104],"property_state":[613],"property_city":[256],"property_area":[199],"class_list":["post-40126","property","type-property","status-publish","has-post-thumbnail","hentry","property_type-stan-apartman","property_status-za-najam","property_feature-balkon","property_feature-povrsina-balkona","property_country-hrvatska","property_state-kostrena-sveta-lucija","property_city-kostrena","property_area-primorsko-goranska-zupanija"],"property_meta":{"_thumbnail_id":["40127"],"fave_komunalije":["Voda","Struja","Gradski vodovod","Grijanje","Klima ure\u0111aj","Gradska kanalizacija","Gradski plin",""],"fave_grijanje":["Eta\u017eno plinsko centralno",""],"fave_energetski-razred":["C",""],"fave_property_year":["1988",""],"fave_dozvole":["Gra\u0111evinska dozvola","Uporabna dozvola",""],"fave_blizina-sadrzaja":["Park","Fitness","Sportski centar","Igrali\u0161te","Po\u0161ta","Banka","Vrti\u0107","Trgovina","\u0160kola","Javni prijevoz","Blizina mora","Kino",""],"fave_broj-etaza":["jednoeta\u017eni",""],"fave_property_id":["2277"],"fave_property_price":["1200"],"fave_property_rooms":["4"],"fave_property_bedrooms":["3"],"fave_property_bathrooms":["1"],"fave_property_size":["85.00"],"houzez_geolocation_long":["14.4975331"],"houzez_geolocation_lat":["45.3071797"],"fave_sprat":["2"],"fave_lokacija":["Kostrena Sveta Lucija, Kostrena"],"fave_wc":["1"],"fave_ukupno-katova":["4"],"fave_property_land_postfix":["m\u00b2"],"fave_property_size_prefix":["m\u00b2"],"fave_property_land":["0.00"],"fave_tehnika":[""],"fave_parkirna-mjesta":[""],"fave_vrt":[""],"fave_property_images":["58052","58053","58054","58055","58056","58057","58058","58059","58060","58061","58062","58063","58064","58065","58066","58067","58068","58069","58070","58071","58072","58073","58074","58075","58076","58077","58078","58079","58080","58081","58082","58083","58084","15913","15913","15913","15913","15913","15913","15913","15913","15913","15913","15913","15913","15913","15913","15913","15913"],"fave_garaza":[""],"fave_natkriveno-parkirno-mjesto":[""],"fave_namjena":[""],"fave_pozicija":[""],"fave_tip-kuce":[""],"fave_tip-stana":[""],"fave_tip-zemljista":[""],"fave_property_location":["45.3071797,14.4975331"],"fave_property_map":["1"],"fave_lokacija-2":["Kostrena Sveta Lucija, Kostrena"],"fave_agent_display_option":["agent_info"],"fave_agents":["andrea.dematteo@ardor-realestate.com"],"_wp_page_template":["default"],"rank_math_internal_links_processed":["1"],"houzez_total_property_views":["211"],"houzez_views_by_date":["a:24:{s:10:\"04-02-2026\";i:1;s:10:\"04-03-2026\";i:8;s:10:\"04-04-2026\";i:8;s:10:\"04-05-2026\";i:15;s:10:\"04-07-2026\";i:7;s:10:\"04-08-2026\";i:8;s:10:\"04-09-2026\";i:15;s:10:\"04-10-2026\";i:1;s:10:\"04-11-2026\";i:7;s:10:\"04-12-2026\";i:16;s:10:\"04-14-2026\";i:8;s:10:\"04-16-2026\";i:16;s:10:\"04-17-2026\";i:8;s:10:\"04-18-2026\";i:2;s:10:\"04-20-2026\";i:7;s:10:\"04-21-2026\";i:9;s:10:\"04-22-2026\";i:9;s:10:\"04-23-2026\";i:7;s:10:\"04-24-2026\";i:14;s:10:\"04-25-2026\";i:8;s:10:\"04-26-2026\";i:9;s:10:\"04-28-2026\";i:9;s:10:\"04-29-2026\";i:11;s:10:\"04-30-2026\";i:8;}"],"houzez_recently_viewed":["2026-04-30 05:12:42"]},"_links":{"self":[{"href":"https:\/\/ardor-realestate.com\/hu\/wp-json\/wp\/v2\/properties\/40126","targetHints":{"allow":["GET"]}}],"collection":[{"href":"https:\/\/ardor-realestate.com\/hu\/wp-json\/wp\/v2\/properties"}],"about":[{"href":"https:\/\/ardor-realestate.com\/hu\/wp-json\/wp\/v2\/types\/property"}],"version-history":[{"count":0,"href":"https:\/\/ardor-realestate.com\/hu\/wp-json\/wp\/v2\/properties\/40126\/revisions"}],"wp:featuredmedia":[{"embeddable":true,"href":"https:\/\/ardor-realestate.com\/hu\/wp-json\/wp\/v2\/media\/40127"}],"wp:attachment":[{"href":"https:\/\/ardor-realestate.com\/hu\/wp-json\/wp\/v2\/media?parent=40126"}],"wp:term":[{"taxonomy":"property_type","embeddable":true,"href":"https:\/\/ardor-realestate.com\/hu\/wp-json\/wp\/v2\/property_type?post=40126"},{"taxonomy":"property_status","embeddable":true,"href":"https:\/\/ardor-realestate.com\/hu\/wp-json\/wp\/v2\/property_status?post=40126"},{"taxonomy":"property_feature","embeddable":true,"href":"https:\/\/ardor-realestate.com\/hu\/wp-json\/wp\/v2\/property_feature?post=40126"},{"taxonomy":"property_label","embeddable":true,"href":"https:\/\/ardor-realestate.com\/hu\/wp-json\/wp\/v2\/property_label?post=40126"},{"taxonomy":"property_country","embeddable":true,"href":"https:\/\/ardor-realestate.com\/hu\/wp-json\/wp\/v2\/property_country?post=40126"},{"taxonomy":"property_state","embeddable":true,"href":"https:\/\/ardor-realestate.com\/hu\/wp-json\/wp\/v2\/property_state?post=40126"},{"taxonomy":"property_city","embeddable":true,"href":"https:\/\/ardor-realestate.com\/hu\/wp-json\/wp\/v2\/property_city?post=40126"},{"taxonomy":"property_area","embeddable":true,"href":"https:\/\/ardor-realestate.com\/hu\/wp-json\/wp\/v2\/property_area?post=40126"}],"curies":[{"name":"munkaf\u00fczet","href":"https:\/\/api.w.org\/{rel}","templated":true}]}}