{"id":30884,"date":"2020-12-18T00:00:00","date_gmt":"2020-12-17T23:00:00","guid":{"rendered":"https:\/\/ardor-realestate.com\/nekretnina\/porec-luksuzna-i-moderna-vila-za-savrsen-zivot\/"},"modified":"2026-03-24T11:10:38","modified_gmt":"2026-03-24T10:10:38","slug":"porec-luxus-es-modern-villa-a-tokeletes-eletert","status":"publish","type":"property","link":"https:\/\/ardor-realestate.com\/hu\/ingatlan\/porec-luxus-es-modern-villa-a-tokeletes-eletert\/","title":{"rendered":"Pore\u010d, egy f\u00e9ny\u0171z\u0151 \u00e9s modern villa a t\u00f6k\u00e9letes \u00e9lethez"},"content":{"rendered":"<div id=\"hrvatski\">Pore\u010d a nyugati isztriai tengerpart sz\u00edv\u00e9ben tal\u00e1lhat\u00f3 v\u00e1ros. A kult\u00fara, a turizmus, a sport \u00e9s a sz\u00f3rakoz\u00e1s v\u00e1rosa, rendezetts\u00e9g\u00e9\u00e9rt \u00e9s tisztas\u00e1g\u00e1\u00e9rt t\u00f6bbsz\u00f6r d\u00edjazott. A h\u00edres Parenzana melletti csendes \u00e9s elit k\u00f6rny\u00e9ken, csal\u00e1di vill\u00e1kkal k\u00f6r\u00fclv\u00e9ve, \u00fasz\u00f3medenc\u00e9s luxusvilla elad\u00f3. Ez az \u00e9p\u00edt\u00e9szeti remekm\u0171 egy f\u00f6ldszintb\u0151l \u00e9s egy fels\u0151 emeletb\u0151l \u00e1ll, \u00f6sszter\u00fclet\u00fck 416,52 m2. A f\u00f6ldszinten egy el\u0151t\u00e9r, egy el\u0151szoba, egy t\u00e1rol\u00f3 \u00e9s egy h\u00e1ztart\u00e1si helyis\u00e9g, egy vend\u00e9g WC \u00e9s egy bej\u00e1rat tal\u00e1lhat\u00f3 a t\u00e1gas nappaliba konyh\u00e1val \u00e9s \u00e9tkez\u0151vel. Az els\u0151 emeleten tal\u00e1lhat\u00f3 egy f\u0151 h\u00e1l\u00f3szoba \u00f6lt\u00f6z\u0151vel \u00e9s saj\u00e1t f\u00fcrd\u0151szob\u00e1val, valamint k\u00e9t h\u00e1l\u00f3szoba saj\u00e1t \u00f6lt\u00f6z\u0151kkel \u00e9s f\u00fcrd\u0151szob\u00e1val. A h\u00e1z olasz-amerikai st\u00edlusban \u00e9p\u00fclt, terasz\u00e1r\u00f3l gy\u00f6ny\u00f6r\u0171 kil\u00e1t\u00e1s ny\u00edlik a tengerre. A villa modern \u00e9p\u00edt\u00e9szeti koncepci\u00f3val rendelkezik, a dekor\u00e1ci\u00f3 minimalista bels\u0151 teret k\u00f6vet, nagy k\u00fcls\u0151 ny\u00edl\u00e1sokkal \u00e9s sok f\u00e9nnyel. Egy komplett \u00e9lett\u00e9rk\u00e9nt fogt\u00e1k fel, egy sor egym\u00e1ssal \u00f6sszef\u00fcgg\u0151, nyitott szintet, amelyeken kereszt\u00fcl k\u00fcl\u00f6nb\u00f6z\u0151 lak\u00f3funkci\u00f3k kapcsol\u00f3dnak \u00f6ssze \u00e9s fon\u00f3dnak \u00f6ssze. Padl\u00f3f\u0171t\u00e9s villany, h\u0171t\u00e9s kl\u00edm\u00e1val. A padl\u00f3ban 24 db optikai k\u00e1bellel \u00f6sszek\u00f6t\u00f6tt krist\u00e1lypanel tal\u00e1lhat\u00f3, melyek ter\u00e1pi\u00e1s hat\u00e1ssal b\u00edrnak az emberi pszichofizikai eg\u00e9szs\u00e9gre.<br \/>\nA magas sz\u00ednvonalon meg\u00e9p\u00edtett okos h\u00e1z a legig\u00e9nyesebb hedonist\u00e1k sz\u00e1m\u00e1ra is az \u00e9let \u00f6r\u00f6m\u00e9t ny\u00fajtja. <\/p>\n<p>\u00dcGYN\u00d6KS\u00c9G AZONOS\u00cdT\u00d3K\u00d3DJA: 137<\/p>\n<p>Sendi Vinski<br \/>\nEnged\u00e9lyezett \u00fcgyn\u00f6k<br \/>\nMobil: 0038598443289<br \/>\nTelefon: 0038551222673<br \/>\nE-mail: prodaja@ardor-realestate.com<br \/>\nwww.ardor-realestate.com<\/p><\/div>\n<div id=\"engleski\">Pore\u010d egy v\u00e1ros Isztria nyugati partj\u00e1nak sz\u00edv\u00e9ben. A kult\u00fara, a turizmus, a sport \u00e9s a v\u00e1ros v\u00e1rosa<br \/>\nsz\u00f3rakoz\u00e1s, rendezetts\u00e9g\u00e9\u00e9rt \u00e9s tisztas\u00e1g\u00e1\u00e9rt t\u00f6bbsz\u00f6r d\u00edjazott. Ez a val\u00f3s\u00e1g<br \/>\nA csendes \u00e9s elit ter\u00fcleten, a h\u00edres Parenzana mellett tal\u00e1lhat\u00f3, csal\u00e1di vill\u00e1kkal k\u00f6r\u00fclv\u00e9ve. Ez<br \/>\n\u00e9p\u00edt\u00e9szeti remekm\u0171 egy f\u00f6ldszintb\u0151l \u00e9s egy els\u0151 emeletb\u0151l \u00e1ll, \u00f6sszesen 416,52 lak\u00f3ter\u00fclettel<br \/>\nm2 \u00e9s az 1160 m2-es telek. A f\u00f6ldszinten egy bej\u00e1rati r\u00e9sz, egy el\u0151szoba, a<br \/>\nt\u00e1rol\u00f3helyis\u00e9g \u00e9s \u201ek\u00f6zm\u0171\u201d, vend\u00e9g wc \u00e9s bel\u00e9p\u00fcnk egy t\u00e1gas nappaliba konyh\u00e1val \u00e9s<br \/>\neb\u00e9dl\u0151. Az els\u0151 emeleten h\u00e1rom f\u0151 h\u00e1l\u00f3szoba tal\u00e1lhat\u00f3 gardr\u00f3bbal \u00e9s saj\u00e1t<br \/>\nf\u00fcrd\u0151szob\u00e1k. A villa olasz-amerikai st\u00edlusban \u00e9p\u00fclt, gy\u00f6ny\u00f6r\u0171 kil\u00e1t\u00e1ssal a tengerre. A villa<br \/>\nmodern \u00e9p\u00edt\u00e9szeti koncepci\u00f3val rendelkezik, dekor\u00e1ci\u00f3ja k\u00f6veti a minimalista bels\u0151 teret, nagy k\u00fcls\u0151vel<br \/>\nny\u00edl\u00e1sok \u00e9s sok f\u00e9ny. Komplett \u00e9lett\u00e9rk\u00e9nt fogt\u00e1k fel egy sorral<br \/>\n\u00f6sszef\u00fcgg\u0151, nyitott szintek, amelyeken kereszt\u00fcl a lak\u00f3hely k\u00fcl\u00f6nb\u00f6z\u0151 funkci\u00f3i kapcsol\u00f3dnak \u00f6ssze<br \/>\n\u00e9s \u00e1tsz\u0151tt. Padl\u00f3f\u0171t\u00e9s villannyal, h\u0171t\u00e9s kl\u00edm\u00e1val. 24 t\u00e1ny\u00e9rral<br \/>\nA padl\u00f3ba krist\u00e1lyokat helyeznek. Ezek a krist\u00e1lyok ter\u00e1pi\u00e1s hat\u00e1st fejtenek ki a pszichofizikai eg\u00e9szs\u00e9gre<br \/>\negy szem\u00e9ly.<br \/>\nA magas sz\u00ednvonalon \u00e9p\u00fclt okos h\u00e1z a legt\u00f6bbnek ny\u00fajtja az \u00e9let \u00f6r\u00f6m\u00e9t<br \/>\nk\u00f6vetel\u0151z\u0151 hedonist\u00e1k.<\/p>\n<p>AZONOS\u00cdT\u00d3K\u00d3D: 137<\/p>\n<p>Sendi Vinski<br \/>\nEnged\u00e9lyezett \u00fcgyn\u00f6k<br \/>\nMobil: 0038598443289<br \/>\nTelefon: 0038551222673<br \/>\nE-mail: prodaja@ardor-realestate.com<br \/>\nwww.ardor-realestate.com<\/p><\/div>\n<div id=\"italijanski\">Pore\u010d egy v\u00e1ros Isztria nyugati partj\u00e1nak sz\u00edv\u00e9ben. A kult\u00fara, a turizmus, a sport \u00e9s a sz\u00f3rakoz\u00e1s v\u00e1rosa, t\u00f6bbsz\u00f6r is kit\u00fcntetett rend\u00e9rt \u00e9s tisztas\u00e1g\u00e9rt. A h\u00edres Parenzana melletti csendes, elit k\u00f6rny\u00e9ken, csal\u00e1di vill\u00e1kkal k\u00f6r\u00fclv\u00e9ve elad\u00f3 egy \u00fasz\u00f3medenc\u00e9s luxusvilla. Ez az \u00e9p\u00edt\u00e9szeti remekm\u0171 egy f\u00f6ldszintb\u0151l \u00e9s egy els\u0151 emeletb\u0151l \u00e1ll, \u00f6sszter\u00fclet\u00fck 416,52 m2. A f\u00f6ldszinten tal\u00e1lhat\u00f3 egy bej\u00e1rat, egy el\u0151szoba, egy gardr\u00f3b \u00e9s egy &quot;gardr\u00f3b&quot;, egy vend\u00e9g f\u00fcrd\u0151szoba \u00e9s egy nagy nappali konyh\u00e1val \u00e9s \u00e9tkez\u0151vel. Az els\u0151 emeleten van egy h\u00e1l\u00f3szoba gardr\u00f3bbal \u00e9s saj\u00e1t f\u00fcrd\u0151szob\u00e1val, valamint k\u00e9t h\u00e1l\u00f3szoba saj\u00e1t \u00f6lt\u00f6z\u0151kkel \u00e9s f\u00fcrd\u0151szob\u00e1val. A h\u00e1z olasz-amerikai st\u00edlusban \u00e9p\u00fclt, teraszokkal elv\u00e1lasztva, gy\u00f6ny\u00f6r\u0171 kil\u00e1t\u00e1ssal a tengerre. A villa modern \u00e9p\u00edt\u00e9szeti koncepci\u00f3val rendelkezik, a dekor\u00e1ci\u00f3 a minimalista bels\u0151 teret k\u00f6veti, nagy k\u00fcls\u0151 ny\u00edl\u00e1sokkal \u00e9s sok f\u00e9nyer\u0151vel. Komplett \u00e9lett\u00e9rk\u00e9nt fogt\u00e1k fel, egy sor egym\u00e1ssal \u00f6sszef\u00fcgg\u0151 \u00e9s nyitott szinttel, amelyeken kereszt\u00fcl a rezidencia k\u00fcl\u00f6nb\u00f6z\u0151 funkci\u00f3i \u00f6sszekapcsol\u00f3dnak \u00e9s \u00f6sszefon\u00f3dnak. Padl\u00f3f\u0171t\u00e9s villannyal, h\u0171t\u00e9s kl\u00edm\u00e1val. A padl\u00f3n 24 optikai k\u00e1bellel \u00f6sszek\u00f6t\u00f6tt krist\u00e1lylap tal\u00e1lhat\u00f3, amelyek ter\u00e1pi\u00e1s hat\u00e1ssal vannak az ember pszichofizikai eg\u00e9szs\u00e9g\u00e9re.<br \/>\nA magas sz\u00ednvonalon meg\u00e9p\u00edtett intelligens h\u00e1z a legig\u00e9nyesebb hedonist\u00e1k sz\u00e1m\u00e1ra is az \u00e9let \u00f6r\u00f6m\u00e9t k\u00edn\u00e1lja.<\/p>\n<p>AZONOS\u00cdT\u00d3K\u00d3D: 137<\/p>\n<p>Sendi Vinski<br \/>\nEnged\u00e9lyezett \u00fcgyn\u00f6k<br \/>\nMobil: 0038598443289<br \/>\nTelefon: 0038551222673<br \/>\nE-mail: prodaja@ardor-realestate.com<br \/>\nwww.ardor-realestate.com<\/p><\/div>\n<div id=\"nemacki\">Pore\u010d v\u00e1ros Isztria nyugati partj\u00e1nak sz\u00edv\u00e9ben. A kult\u00fara, a turizmus, a sport \u00e9s a sz\u00f3rakoz\u00e1s v\u00e1rosa, rendj\u00e9\u00e9rt \u00e9s tisztas\u00e1g\u00e1\u00e9rt t\u00f6bbsz\u00f6r d\u00edjazott. A h\u00edres Parenzana melletti csendes, elit k\u00f6rny\u00e9ken, csal\u00e1di vill\u00e1kkal k\u00f6r\u00fclv\u00e9ve, \u00fasz\u00f3medenc\u00e9s luxusvilla elad\u00f3. Ez az \u00e9p\u00edt\u00e9szeti remekm\u0171 egy f\u00f6ldszintb\u0151l \u00e9s egy els\u0151 emeletb\u0151l \u00e1ll, amelyek \u00f6sszter\u00fclete 416,52 m2. A f\u00f6ldszinten van egy bej\u00e1rati r\u00e9sz, egy el\u0151szoba, egy t\u00e1rol\u00f3 \u00e9s egy &quot;takar\u00edt\u00f3 szoba&quot;, egy vend\u00e9g wc \u00e9s egy t\u00e1gas nappali konyh\u00e1val \u00e9s \u00e9tkez\u0151vel. Az els\u0151 emeleten tal\u00e1lhat\u00f3 egy f\u0151 h\u00e1l\u00f3szoba \u00f6lt\u00f6z\u0151vel \u00e9s saj\u00e1t f\u00fcrd\u0151szob\u00e1val, valamint k\u00e9t h\u00e1l\u00f3szoba saj\u00e1t \u00f6lt\u00f6z\u0151kkel \u00e9s f\u00fcrd\u0151szob\u00e1val. A h\u00e1z olasz-amerikai st\u00edlusban \u00e9p\u00fclt, teraszokkal elv\u00e1lasztva, ahonnan gy\u00f6ny\u00f6r\u0171 kil\u00e1t\u00e1s ny\u00edlik a tengerre. A villa modern \u00e9p\u00edt\u00e9szeti koncepci\u00f3val rendelkezik, a dekor\u00e1ci\u00f3 a minimalista bels\u0151 teret k\u00f6veti, nagy k\u00fcls\u0151 ny\u00edl\u00e1sokkal \u00e9s sok f\u00e9nyer\u0151vel. Komplett nappalinak tervezt\u00e9k, egy sor egym\u00e1shoz kapcsol\u00f3d\u00f3, nyitott szinttel, amelyeken kereszt\u00fcl a rezidencia k\u00fcl\u00f6nf\u00e9le funkci\u00f3i \u00f6sszekapcsol\u00f3dnak \u00e9s \u00f6sszefon\u00f3dnak. Padl\u00f3f\u0171t\u00e9s villannyal, h\u0171t\u00e9s kl\u00edm\u00e1val. A padl\u00f3n 24 db krist\u00e1lyos lemez tal\u00e1lhat\u00f3, amelyek optikai k\u00e1bellel vannak \u00f6sszek\u00f6tve, \u00e9s ter\u00e1pi\u00e1s hat\u00e1st fejtenek ki az ember pszichofizikai eg\u00e9szs\u00e9g\u00e9re.<br \/>\nA kiv\u00e1l\u00f3 min\u0151s\u00e9g\u0171 Smart House m\u00e9g a legig\u00e9nyesebb hedonist\u00e1knak is \u00e9lm\u00e9nnyel gazdagodik.<\/p>\n<p>AZONOS\u00cdT\u00d3K\u00d3D: 137<\/p>\n<p>Sendi Vinski<br \/>\nEnged\u00e9lyezett \u00fcgyn\u00f6k<br \/>\nMobil: 0038598443289<br \/>\nTelefon: 0038551222673<br \/>\nE-mail: prodaja@ardor-realestate.com<br \/>\nwww.ardor-realestate.com<\/p><\/div>\n<div id=\"slovenacki\">Pore\u010d egy v\u00e1ros Isztria nyugati partj\u00e1nak sz\u00edv\u00e9ben. A kult\u00fara, a turizmus, a sport \u00e9s a sz\u00f3rakoz\u00e1s v\u00e1rosa, rendezetts\u00e9g\u00e9\u00e9rt \u00e9s tisztas\u00e1g\u00e1\u00e9rt t\u00f6bbsz\u00f6r d\u00edjazott. A h\u00edres Parenzana k\u00f6zel\u00e9ben, csendes, elit k\u00f6rny\u00e9ken, csal\u00e1di vill\u00e1kkal k\u00f6r\u00fclv\u00e9ve elad\u00f3 egy \u00fasz\u00f3medenc\u00e9s luxusvilla. Ez az \u00e9p\u00edt\u00e9szeti remekm\u0171 egy f\u00f6ldszintb\u0151l \u00e9s egy fels\u0151 emeletb\u0151l \u00e1ll, amelyek \u00f6sszter\u00fclete 416,52 m2. A f\u00f6ldszinten tal\u00e1lhat\u00f3 egy el\u0151szoba, egy el\u0151szoba, egy t\u00e1rol\u00f3 \u00e9s egy h\u00e1ztart\u00e1si helyis\u00e9g, egy vend\u00e9g wc \u00e9s jutunk a t\u00e1gas nappaliba konyh\u00e1val \u00e9s \u00e9tkez\u0151vel. Az els\u0151 emeleten van egy f\u0151 h\u00e1l\u00f3szoba \u00f6lt\u00f6z\u0151vel \u00e9s saj\u00e1t f\u00fcrd\u0151szob\u00e1val, valamint k\u00e9t h\u00e1l\u00f3szoba saj\u00e1t \u00f6lt\u00f6z\u0151kkel \u00e9s f\u00fcrd\u0151szob\u00e1val. A h\u00e1z olasz-amerikai st\u00edlusban \u00e9p\u00fclt, teraszokkal elv\u00e1lasztva, gy\u00f6ny\u00f6r\u0171 kil\u00e1t\u00e1ssal a tengerre. A villa modern \u00e9p\u00edt\u00e9szeti koncepci\u00f3val rendelkezik, a dekor\u00e1ci\u00f3 minimalista bels\u0151 teret k\u00f6vet, nagy k\u00fcls\u0151 ny\u00edl\u00e1sokkal \u00e9s sok f\u00e9nnyel. Teljes \u00e9lett\u00e9rk\u00e9nt fogt\u00e1k fel, sz\u00e1mos, egym\u00e1ssal \u00f6sszef\u00fcgg\u0151 nyitott szinttel, amelyeken kereszt\u00fcl k\u00fcl\u00f6nf\u00e9le \u00e9letfunkci\u00f3k kapcsol\u00f3dnak \u00f6ssze \u00e9s fon\u00f3dnak \u00f6ssze. Elektromos padl\u00f3f\u0171t\u00e9s, kl\u00edma. A padl\u00f3ban 24 db optikai k\u00e1bellel \u00f6sszek\u00f6t\u00f6tt krist\u00e1lylemez van elhelyezve, melyek ter\u00e1pi\u00e1s hat\u00e1st fejtenek ki az ember pszichofizikai eg\u00e9szs\u00e9g\u00e9re.<br \/>\nA magas sz\u00ednvonalon meg\u00e9p\u00edtett okos h\u00e1z a legig\u00e9nyesebb hedonist\u00e1k sz\u00e1m\u00e1ra is az \u00e9let \u00f6r\u00f6m\u00e9t k\u00edn\u00e1lja.<\/p>\n<p>AZONOS\u00cdT\u00d3K\u00d3D: 137<\/p>\n<p>Sendi Vinski<br \/>\nEnged\u00e9lyezett \u00fcgyn\u00f6k<br \/>\nMobil: 0038598443289<br \/>\nTelefon: 0038551222673<br \/>\nE-mail: prodaja@ardor-realestate.com<br \/>\nwww.ardor-realestate.com<\/p><\/div>","protected":false},"excerpt":{"rendered":"<p>Pore\u010d je grad smje\u0161ten u srcu zapadne istarske obale. Grad kulture, turizma, sporta i zabave, vi\u0161estruko nagra\u0111ivan zbog svoje ure\u0111enosti i \u010disto\u0107e. U mirnom i elitnom dijelu uz poznatu Parenzanu, u okru\u017eenju obiteljskih vila, prodaje se luksuzna vila sa bazenom. Ovo arhitektonsko remek djelo, sastoji se od prizemlja i kata, ukupne povr\u0161ine 416,52 m2. Na [&hellip;]<\/p>","protected":false},"author":0,"featured_media":30885,"parent":0,"menu_order":0,"template":"","property_type":[60],"property_status":[255],"property_feature":[206,209,210,222,205,215],"property_label":[],"property_country":[104],"property_state":[560],"property_city":[269,770],"property_area":[247],"class_list":["post-30884","property","type-property","status-publish","has-post-thumbnail","hentry","property_type-kuca","property_status-za-prodaju","property_feature-namjesteno","property_feature-novogradnja","property_feature-pogled-na-more","property_feature-povrsina-terase","property_feature-terasa","property_feature-vila","property_country-hrvatska","property_state-porec","property_city-porec","property_city-porec-porec","property_area-istarska-zupanija"],"property_meta":{"_thumbnail_id":["30885"],"fave_komunalije":["Voda","Plin","Centralno grijanje","Struja","Gradski vodovod","Grijanje","Telefon","Asfaltni put","Klima ure\u0111aj","Gradska kanalizacija","Gradski plin",""],"fave_grijanje":["Sustav grijanja, klimatizacije i ventilacije",""],"fave_energetski-razred":["A+",""],"fave_property_year":["2019",""],"fave_dozvole":["Gra\u0111evinska dozvola","Uporabna dozvola",""],"fave_tehnika":["Portafon","Kabelska televizija","Satelitska televizija","Internet","Alarmni sustav",""],"fave_parkirna-mjesta":["5",""],"fave_vrt":["Konoba","Vrt","Bazen","Vrtna ku\u0107ica","Ro\u0161tilj",""],"fave_blizina-sadrzaja":["Park","Fitness","Sportski centar","Igrali\u0161te","Po\u0161ta","Banka","Vrti\u0107","Trgovina","\u0160kola","Javni prijevoz","Blizina mora",""],"fave_property_id":["137"],"fave_property_price":["2200000"],"fave_property_rooms":["12"],"fave_property_bedrooms":["3"],"fave_property_bathrooms":["4"],"fave_property_size":["416.52"],"houzez_geolocation_long":["13.5947399"],"houzez_geolocation_lat":["45.2271652"],"fave_sprat":[""],"fave_lokacija":["Pore\u010d, Pore\u010d"],"fave_wc":[""],"fave_ukupno-katova":["1"],"fave_property_land_postfix":["m\u00b2"],"fave_property_size_prefix":["m\u00b2"],"fave_property_land":["1160.00"],"fave_property_images":["30886","30887","30888","30889","30890","30891","30892","30893","30894","30895","30896","30897","30898","30899","30900","30901","30902","30903","30904","30905","30906","30907","15913","15913","15913","15913","15913","15913","15913","15913","15913","15913","15913","15913","15913","15913","15913","15913","15913","15913","15913","15913","15913","15913","15913","15913","15913","15913","15913"],"fave_garaza":[""],"fave_natkriveno-parkirno-mjesto":[""],"fave_broj-etaza":[""],"fave_namjena":[""],"fave_pozicija":[""],"fave_tip-kuce":[""],"fave_tip-stana":[""],"fave_tip-zemljista":[""],"fave_property_location":["45.2271652,13.5947399"],"fave_property_map":["1"],"fave_lokacija-2":["Pore\u010d, Pore\u010d"],"fave_agent_display_option":["agent_info"],"fave_agents":["prodaja@ardor-realestate.com"],"_wp_page_template":["default"],"rank_math_internal_links_processed":["1"],"houzez_total_property_views":["215"],"houzez_views_by_date":["a:30:{s:10:\"03-24-2026\";i:7;s:10:\"03-25-2026\";i:11;s:10:\"03-26-2026\";i:18;s:10:\"03-28-2026\";i:7;s:10:\"03-29-2026\";i:3;s:10:\"03-30-2026\";i:2;s:10:\"03-31-2026\";i:6;s:10:\"04-01-2026\";i:7;s:10:\"04-02-2026\";i:16;s:10:\"04-04-2026\";i:8;s:10:\"04-06-2026\";i:3;s:10:\"04-07-2026\";i:10;s:10:\"04-08-2026\";i:1;s:10:\"04-09-2026\";i:7;s:10:\"04-10-2026\";i:12;s:10:\"04-11-2026\";i:10;s:10:\"04-12-2026\";i:8;s:10:\"04-13-2026\";i:9;s:10:\"04-16-2026\";i:9;s:10:\"04-17-2026\";i:3;s:10:\"04-18-2026\";i:6;s:10:\"04-19-2026\";i:7;s:10:\"04-20-2026\";i:7;s:10:\"04-21-2026\";i:7;s:10:\"04-23-2026\";i:8;s:10:\"04-24-2026\";i:1;s:10:\"04-25-2026\";i:8;s:10:\"04-27-2026\";i:4;s:10:\"04-28-2026\";i:7;s:10:\"04-29-2026\";i:3;}"],"houzez_recently_viewed":["2026-04-29 06:29:13"],"_elementor_page_assets":["a:0:{}"]},"_links":{"self":[{"href":"https:\/\/ardor-realestate.com\/hu\/wp-json\/wp\/v2\/properties\/30884","targetHints":{"allow":["GET"]}}],"collection":[{"href":"https:\/\/ardor-realestate.com\/hu\/wp-json\/wp\/v2\/properties"}],"about":[{"href":"https:\/\/ardor-realestate.com\/hu\/wp-json\/wp\/v2\/types\/property"}],"version-history":[{"count":0,"href":"https:\/\/ardor-realestate.com\/hu\/wp-json\/wp\/v2\/properties\/30884\/revisions"}],"wp:featuredmedia":[{"embeddable":true,"href":"https:\/\/ardor-realestate.com\/hu\/wp-json\/wp\/v2\/media\/30885"}],"wp:attachment":[{"href":"https:\/\/ardor-realestate.com\/hu\/wp-json\/wp\/v2\/media?parent=30884"}],"wp:term":[{"taxonomy":"property_type","embeddable":true,"href":"https:\/\/ardor-realestate.com\/hu\/wp-json\/wp\/v2\/property_type?post=30884"},{"taxonomy":"property_status","embeddable":true,"href":"https:\/\/ardor-realestate.com\/hu\/wp-json\/wp\/v2\/property_status?post=30884"},{"taxonomy":"property_feature","embeddable":true,"href":"https:\/\/ardor-realestate.com\/hu\/wp-json\/wp\/v2\/property_feature?post=30884"},{"taxonomy":"property_label","embeddable":true,"href":"https:\/\/ardor-realestate.com\/hu\/wp-json\/wp\/v2\/property_label?post=30884"},{"taxonomy":"property_country","embeddable":true,"href":"https:\/\/ardor-realestate.com\/hu\/wp-json\/wp\/v2\/property_country?post=30884"},{"taxonomy":"property_state","embeddable":true,"href":"https:\/\/ardor-realestate.com\/hu\/wp-json\/wp\/v2\/property_state?post=30884"},{"taxonomy":"property_city","embeddable":true,"href":"https:\/\/ardor-realestate.com\/hu\/wp-json\/wp\/v2\/property_city?post=30884"},{"taxonomy":"property_area","embeddable":true,"href":"https:\/\/ardor-realestate.com\/hu\/wp-json\/wp\/v2\/property_area?post=30884"}],"curies":[{"name":"munkaf\u00fczet","href":"https:\/\/api.w.org\/{rel}","templated":true}]}}